{"id":7203,"date":"2023-10-20T11:55:52","date_gmt":"2023-10-20T09:55:52","guid":{"rendered":"https:\/\/molinspares.com\/actualites\/"},"modified":"2025-06-19T22:42:28","modified_gmt":"2025-06-19T20:42:28","slug":"actualites","status":"publish","type":"page","link":"https:\/\/molinspares.com\/fr\/actualites\/","title":{"rendered":"Actualit\u00e9s"},"content":{"rendered":"\t\t<div data-elementor-type=\"wp-page\" data-elementor-id=\"7203\" class=\"elementor elementor-7203 elementor-43\" data-elementor-post-type=\"page\">\n\t\t\t\t<div class=\"elementor-element elementor-element-baa15a8 e-flex e-con-boxed e-con e-parent\" data-id=\"baa15a8\" data-element_type=\"container\" data-e-type=\"container\" data-settings=\"{&quot;background_background&quot;:&quot;classic&quot;}\">\n\t\t\t\t\t<div class=\"e-con-inner\">\n\t\t\t\t<div class=\"elementor-element elementor-element-e0cfc33 elementor-widget elementor-widget-heading\" data-id=\"e0cfc33\" data-element_type=\"widget\" data-e-type=\"widget\" data-widget_type=\"heading.default\">\n\t\t\t\t<div class=\"elementor-widget-container\">\n\t\t\t\t\t<h1 class=\"elementor-heading-title elementor-size-default\">Actualit\u00e9s<\/h1>\t\t\t\t<\/div>\n\t\t\t\t<\/div>\n\t\t\t\t<div class=\"elementor-element elementor-element-e568207 elementor-widget__width-initial elementor-widget elementor-widget-heading\" data-id=\"e568207\" data-element_type=\"widget\" data-e-type=\"widget\" data-widget_type=\"heading.default\">\n\t\t\t\t<div class=\"elementor-widget-container\">\n\t\t\t\t\t<h3 class=\"elementor-heading-title elementor-size-default\">Notre vision du secteur juridique en Espagne et en Europe<\/h3>\t\t\t\t<\/div>\n\t\t\t\t<\/div>\n\t\t\t\t\t<\/div>\n\t\t\t\t<\/div>\n\t\t<div class=\"elementor-element elementor-element-b885e55 e-flex e-con-boxed e-con e-parent\" data-id=\"b885e55\" data-element_type=\"container\" data-e-type=\"container\" data-settings=\"{&quot;background_background&quot;:&quot;classic&quot;}\">\n\t\t\t\t\t<div class=\"e-con-inner\">\n\t\t<div class=\"elementor-element elementor-element-38b9744 e-con-full e-flex e-con e-child\" data-id=\"38b9744\" data-element_type=\"container\" data-e-type=\"container\" data-settings=\"{&quot;background_background&quot;:&quot;classic&quot;}\">\n\t\t\t\t<div class=\"elementor-element elementor-element-34d72b4 elementor-widget-divider--view-line elementor-widget elementor-widget-divider\" data-id=\"34d72b4\" data-element_type=\"widget\" data-e-type=\"widget\" data-widget_type=\"divider.default\">\n\t\t\t\t<div class=\"elementor-widget-container\">\n\t\t\t\t\t\t\t<div class=\"elementor-divider\">\n\t\t\t<span class=\"elementor-divider-separator\">\n\t\t\t\t\t\t<\/span>\n\t\t<\/div>\n\t\t\t\t\t\t<\/div>\n\t\t\t\t<\/div>\n\t\t\t\t<div class=\"elementor-element elementor-element-1e7b794 elementor-widget elementor-widget-heading\" data-id=\"1e7b794\" data-element_type=\"widget\" data-e-type=\"widget\" data-widget_type=\"heading.default\">\n\t\t\t\t<div class=\"elementor-widget-container\">\n\t\t\t\t\t<h3 class=\"elementor-heading-title elementor-size-default\">Derni\u00e8res nouvelles<\/h3>\t\t\t\t<\/div>\n\t\t\t\t<\/div>\n\t\t\t\t<\/div>\n\t\t\t\t\t<\/div>\n\t\t\t\t<\/div>\n\t\t<div class=\"elementor-element elementor-element-c07d0cd e-flex e-con-boxed e-con e-parent\" data-id=\"c07d0cd\" data-element_type=\"container\" data-e-type=\"container\" data-settings=\"{&quot;background_background&quot;:&quot;classic&quot;}\">\n\t\t\t\t\t<div class=\"e-con-inner\">\n\t\t\t\t<div class=\"elementor-element elementor-element-bee451d elementor-posts--align-left elementor-posts--thumbnail-none elementor-grid-3 elementor-grid-tablet-2 elementor-grid-mobile-1 elementor-posts__hover-gradient elementor-widget elementor-widget-posts\" data-id=\"bee451d\" data-element_type=\"widget\" data-e-type=\"widget\" data-settings=\"{&quot;cards_row_gap&quot;:{&quot;unit&quot;:&quot;px&quot;,&quot;size&quot;:50,&quot;sizes&quot;:[]},&quot;pagination_type&quot;:&quot;numbers&quot;,&quot;cards_row_gap_laptop&quot;:{&quot;unit&quot;:&quot;px&quot;,&quot;size&quot;:40,&quot;sizes&quot;:[]},&quot;cards_columns&quot;:&quot;3&quot;,&quot;cards_columns_tablet&quot;:&quot;2&quot;,&quot;cards_columns_mobile&quot;:&quot;1&quot;,&quot;cards_row_gap_tablet&quot;:{&quot;unit&quot;:&quot;px&quot;,&quot;size&quot;:&quot;&quot;,&quot;sizes&quot;:[]},&quot;cards_row_gap_mobile&quot;:{&quot;unit&quot;:&quot;px&quot;,&quot;size&quot;:&quot;&quot;,&quot;sizes&quot;:[]}}\" data-widget_type=\"posts.cards\">\n\t\t\t\t<div class=\"elementor-widget-container\">\n\t\t\t\t\t\t\t<div class=\"elementor-posts-container elementor-posts elementor-posts--skin-cards elementor-grid\" role=\"list\">\n\t\t\t\t<article class=\"elementor-post elementor-grid-item post-8263 post type-post status-publish format-standard has-post-thumbnail hentry category-non-categorise\" role=\"listitem\">\n\t\t\t<div class=\"elementor-post__card\">\n\t\t\t\t<div class=\"elementor-post__text\">\n\t\t\t\t<h3 class=\"elementor-post__title\">\n\t\t\t<a href=\"https:\/\/molinspares.com\/fr\/marc-molins-livre-son-analyse-juridique-dans-lemission-cafe-didees-de-la-rtve\/\" >\n\t\t\t\tMarc Molins livre son analyse juridique dans l&rsquo;\u00e9mission Caf\u00e9 d&rsquo;id\u00e9es de la RTVE\t\t\t<\/a>\n\t\t<\/h3>\n\t\t\t\t<div class=\"elementor-post__excerpt\">\n\t\t\t<p>\u201cIl n\u2019existe aucune preuve directe contre le Procureur G\u00e9n\u00e9ral de l\u2019\u00c9tat ; les indices doivent \u00eatre appr\u00e9ci\u00e9s lors du proc\u00e8s. \u201d \u2013 Marc Molins<\/p>\n\t\t<\/div>\n\t\t\n\t\t<a class=\"elementor-post__read-more\" href=\"https:\/\/molinspares.com\/fr\/marc-molins-livre-son-analyse-juridique-dans-lemission-cafe-didees-de-la-rtve\/\" aria-label=\"Read more about Marc Molins livre son analyse juridique dans l&rsquo;\u00e9mission Caf\u00e9 d&rsquo;id\u00e9es de la RTVE\" tabindex=\"-1\" >\n\t\t\tEn savoir plus\t\t<\/a>\n\n\t\t\t\t<\/div>\n\t\t\t\t<div class=\"elementor-post__meta-data\">\n\t\t\t\t\t<span class=\"elementor-post-date\">\n\t\t\t10 novembre 2025\t\t<\/span>\n\t\t\t\t<\/div>\n\t\t\t\t\t<\/div>\n\t\t<\/article>\n\t\t\t\t<article class=\"elementor-post elementor-grid-item post-8271 post type-post status-publish format-standard has-post-thumbnail hentry category-non-categorise\" role=\"listitem\">\n\t\t\t<div class=\"elementor-post__card\">\n\t\t\t\t<div class=\"elementor-post__text\">\n\t\t\t\t<h3 class=\"elementor-post__title\">\n\t\t\t<a href=\"https:\/\/molinspares.com\/fr\/laura-pares-et-marc-molins-analysent-la-gestion-des-frais-professionnels-dans-el-pais\/\" >\n\t\t\t\tLaura Par\u00e9s et Marc Molins analysent la gestion des frais professionnels dans El Pa\u00eds\t\t\t<\/a>\n\t\t<\/h3>\n\t\t\t\t<div class=\"elementor-post__excerpt\">\n\t\t\t<p>Il sera toujours souhaitable de passer aux moyens de paiement \u00e9lectroniques afin que la gestion des liquidit\u00e9s soit r\u00e9siduelle.<\/p>\n\t\t<\/div>\n\t\t\n\t\t<a class=\"elementor-post__read-more\" href=\"https:\/\/molinspares.com\/fr\/laura-pares-et-marc-molins-analysent-la-gestion-des-frais-professionnels-dans-el-pais\/\" aria-label=\"Read more about Laura Par\u00e9s et Marc Molins analysent la gestion des frais professionnels dans El Pa\u00eds\" tabindex=\"-1\" >\n\t\t\tEn savoir plus\t\t<\/a>\n\n\t\t\t\t<\/div>\n\t\t\t\t<div class=\"elementor-post__meta-data\">\n\t\t\t\t\t<span class=\"elementor-post-date\">\n\t\t\t22 octobre 2025\t\t<\/span>\n\t\t\t\t<\/div>\n\t\t\t\t\t<\/div>\n\t\t<\/article>\n\t\t\t\t<article class=\"elementor-post elementor-grid-item post-8295 post type-post status-publish format-standard hentry category-non-categorise\" role=\"listitem\">\n\t\t\t<div class=\"elementor-post__card\">\n\t\t\t\t<div class=\"elementor-post__text\">\n\t\t\t\t<h3 class=\"elementor-post__title\">\n\t\t\t<a href=\"https:\/\/molinspares.com\/fr\/marta-masip-analyse-les-risques-de-roblox-et-la-protection-des-mineurs\/\" >\n\t\t\t\tMarta Masip analyse les risques de Roblox et la protection des mineurs\t\t\t<\/a>\n\t\t<\/h3>\n\t\t\t\t<div class=\"elementor-post__excerpt\">\n\t\t\t<p>Si une application permet d\u2019effacer ce qui s\u2019y passe, il existe un risque qu\u2019aucune trace ne subsiste.<\/p>\n\t\t<\/div>\n\t\t\n\t\t<a class=\"elementor-post__read-more\" href=\"https:\/\/molinspares.com\/fr\/marta-masip-analyse-les-risques-de-roblox-et-la-protection-des-mineurs\/\" aria-label=\"Read more about Marta Masip analyse les risques de Roblox et la protection des mineurs\" tabindex=\"-1\" >\n\t\t\tEn savoir plus\t\t<\/a>\n\n\t\t\t\t<\/div>\n\t\t\t\t<div class=\"elementor-post__meta-data\">\n\t\t\t\t\t<span class=\"elementor-post-date\">\n\t\t\t9 octobre 2025\t\t<\/span>\n\t\t\t\t<\/div>\n\t\t\t\t\t<\/div>\n\t\t<\/article>\n\t\t\t\t<article class=\"elementor-post elementor-grid-item post-8283 post type-post status-publish format-standard has-post-thumbnail hentry category-non-categorise\" role=\"listitem\">\n\t\t\t<div class=\"elementor-post__card\">\n\t\t\t\t<div class=\"elementor-post__text\">\n\t\t\t\t<h3 class=\"elementor-post__title\">\n\t\t\t<a href=\"https:\/\/molinspares.com\/fr\/marc-molins-raich-analyse-laffaire-begona-gomez-dans-mesnit-de-3cat\/\" >\n\t\t\t\tMarc Molins Raich analyse l&rsquo;affaire Bego\u00f1a G\u00f3mez dans M\u00e9snit de 3Cat\t\t\t<\/a>\n\t\t<\/h3>\n\t\t\t\t<div class=\"elementor-post__excerpt\">\n\t\t\t<p>L&rsquo;occasion d&rsquo;apporter rigueur et clart\u00e9 juridiques \u00e0 une question qui fait l&rsquo;objet d&rsquo;un grand d\u00e9bat public.<\/p>\n\t\t<\/div>\n\t\t\n\t\t<a class=\"elementor-post__read-more\" href=\"https:\/\/molinspares.com\/fr\/marc-molins-raich-analyse-laffaire-begona-gomez-dans-mesnit-de-3cat\/\" aria-label=\"Read more about Marc Molins Raich analyse l&rsquo;affaire Bego\u00f1a G\u00f3mez dans M\u00e9snit de 3Cat\" tabindex=\"-1\" >\n\t\t\tEn savoir plus\t\t<\/a>\n\n\t\t\t\t<\/div>\n\t\t\t\t<div class=\"elementor-post__meta-data\">\n\t\t\t\t\t<span class=\"elementor-post-date\">\n\t\t\t1 octobre 2025\t\t<\/span>\n\t\t\t\t<\/div>\n\t\t\t\t\t<\/div>\n\t\t<\/article>\n\t\t\t\t<article class=\"elementor-post elementor-grid-item post-7993 post type-post status-publish format-standard hentry category-non-categorise\" role=\"listitem\">\n\t\t\t<div class=\"elementor-post__card\">\n\t\t\t\t<div class=\"elementor-post__text\">\n\t\t\t\t<h3 class=\"elementor-post__title\">\n\t\t\t<a href=\"https:\/\/molinspares.com\/fr\/marc-molins-sadresse-a-la-75e-promotion-de-lecole-judiciaire\/\" >\n\t\t\t\tMarc Molins s&rsquo;adresse \u00e0 la 75e promotion de l&rsquo;\u00c9cole judiciaire\t\t\t<\/a>\n\t\t<\/h3>\n\t\t\t\t<div class=\"elementor-post__excerpt\">\n\t\t\t<p>Notre associ\u00e9 principal a particip\u00e9 \u00e0 une table ronde sur les poursuites devant la Cour d&rsquo;assises dans le cadre du programme de formation de l&rsquo;\u00c9cole judiciaire.<\/p>\n\t\t<\/div>\n\t\t\n\t\t<a class=\"elementor-post__read-more\" href=\"https:\/\/molinspares.com\/fr\/marc-molins-sadresse-a-la-75e-promotion-de-lecole-judiciaire\/\" aria-label=\"Read more about Marc Molins s&rsquo;adresse \u00e0 la 75e promotion de l&rsquo;\u00c9cole judiciaire\" tabindex=\"-1\" >\n\t\t\tEn savoir plus\t\t<\/a>\n\n\t\t\t\t<\/div>\n\t\t\t\t<div class=\"elementor-post__meta-data\">\n\t\t\t\t\t<span class=\"elementor-post-date\">\n\t\t\t4 septembre 2025\t\t<\/span>\n\t\t\t\t<\/div>\n\t\t\t\t\t<\/div>\n\t\t<\/article>\n\t\t\t\t<article class=\"elementor-post elementor-grid-item post-7971 post type-post status-publish format-standard hentry category-non-categorise\" role=\"listitem\">\n\t\t\t<div class=\"elementor-post__card\">\n\t\t\t\t<div class=\"elementor-post__text\">\n\t\t\t\t<h3 class=\"elementor-post__title\">\n\t\t\t<a href=\"https:\/\/molinspares.com\/fr\/marc-molins-analyse-sur-3cat-la-detention-provisoire-dans-laffaire-santos-cerdan\/\" >\n\t\t\t\tMarc Molins analyse sur 3Cat la d\u00e9tention provisoire dans l&rsquo;affaire Santos Cerd\u00e1n\t\t\t<\/a>\n\t\t<\/h3>\n\t\t\t\t<div class=\"elementor-post__excerpt\">\n\t\t\t<p>Notre managing partner a d\u00e9fendu la proportionnalit\u00e9 et le caract\u00e8re de dernier recours du droit p\u00e9nal dans son intervention dans l&rsquo;\u00e9mission #M\u00e9s324 sur 3Cat.<\/p>\n\t\t<\/div>\n\t\t\n\t\t<a class=\"elementor-post__read-more\" href=\"https:\/\/molinspares.com\/fr\/marc-molins-analyse-sur-3cat-la-detention-provisoire-dans-laffaire-santos-cerdan\/\" aria-label=\"Read more about Marc Molins analyse sur 3Cat la d\u00e9tention provisoire dans l&rsquo;affaire Santos Cerd\u00e1n\" tabindex=\"-1\" >\n\t\t\tEn savoir plus\t\t<\/a>\n\n\t\t\t\t<\/div>\n\t\t\t\t<div class=\"elementor-post__meta-data\">\n\t\t\t\t\t<span class=\"elementor-post-date\">\n\t\t\t3 septembre 2025\t\t<\/span>\n\t\t\t\t<\/div>\n\t\t\t\t\t<\/div>\n\t\t<\/article>\n\t\t\t\t<article class=\"elementor-post elementor-grid-item post-7979 post type-post status-publish format-standard has-post-thumbnail hentry category-non-categorise\" role=\"listitem\">\n\t\t\t<div class=\"elementor-post__card\">\n\t\t\t\t<div class=\"elementor-post__text\">\n\t\t\t\t<h3 class=\"elementor-post__title\">\n\t\t\t<a href=\"https:\/\/molinspares.com\/fr\/participation-de-molins-pares-a-la-reunion-du-wwcda-a-madrid\/\" >\n\t\t\t\tParticipation de Molins &amp; Par\u00e9s \u00e0 la r\u00e9union du WWCDA \u00e0 Madrid\t\t\t<\/a>\n\t\t<\/h3>\n\t\t\t\t<div class=\"elementor-post__excerpt\">\n\t\t\t<p>Laura Par\u00e9s et Laia Tejada ont particip\u00e9 \u00e0 un petit-d\u00e9jeuner d\u00e9bat avec des juges de la Cour supr\u00eame dans le cadre de l&rsquo;Association de d\u00e9fense des femmes en col blanc.<\/p>\n\t\t<\/div>\n\t\t\n\t\t<a class=\"elementor-post__read-more\" href=\"https:\/\/molinspares.com\/fr\/participation-de-molins-pares-a-la-reunion-du-wwcda-a-madrid\/\" aria-label=\"Read more about Participation de Molins &amp; Par\u00e9s \u00e0 la r\u00e9union du WWCDA \u00e0 Madrid\" tabindex=\"-1\" >\n\t\t\tEn savoir plus\t\t<\/a>\n\n\t\t\t\t<\/div>\n\t\t\t\t<div class=\"elementor-post__meta-data\">\n\t\t\t\t\t<span class=\"elementor-post-date\">\n\t\t\t2 septembre 2025\t\t<\/span>\n\t\t\t\t<\/div>\n\t\t\t\t\t<\/div>\n\t\t<\/article>\n\t\t\t\t<article class=\"elementor-post elementor-grid-item post-7989 post type-post status-publish format-standard hentry category-non-categorise\" role=\"listitem\">\n\t\t\t<div class=\"elementor-post__card\">\n\t\t\t\t<div class=\"elementor-post__text\">\n\t\t\t\t<h3 class=\"elementor-post__title\">\n\t\t\t<a href=\"https:\/\/molinspares.com\/fr\/peine-de-conformite-dans-une-affaire-de-meurtre-poursuites-menees-par-molins-pares\/\" >\n\t\t\t\tPeine de conformit\u00e9 dans une affaire de meurtre : poursuites men\u00e9es par Molins &amp; Par\u00e9s\t\t\t<\/a>\n\t\t<\/h3>\n\t\t\t\t<div class=\"elementor-post__excerpt\">\n\t\t\t<p>Notre associ\u00e9, Marc Molins, et Marta Masip, ont dirig\u00e9 l&rsquo;accusation priv\u00e9e dans une affaire complexe avec une peine d&#8217;emprisonnement de 10 ans.<\/p>\n\t\t<\/div>\n\t\t\n\t\t<a class=\"elementor-post__read-more\" href=\"https:\/\/molinspares.com\/fr\/peine-de-conformite-dans-une-affaire-de-meurtre-poursuites-menees-par-molins-pares\/\" aria-label=\"Read more about Peine de conformit\u00e9 dans une affaire de meurtre : poursuites men\u00e9es par Molins &amp; Par\u00e9s\" tabindex=\"-1\" >\n\t\t\tEn savoir plus\t\t<\/a>\n\n\t\t\t\t<\/div>\n\t\t\t\t<div class=\"elementor-post__meta-data\">\n\t\t\t\t\t<span class=\"elementor-post-date\">\n\t\t\t1 septembre 2025\t\t<\/span>\n\t\t\t\t<\/div>\n\t\t\t\t\t<\/div>\n\t\t<\/article>\n\t\t\t\t<article class=\"elementor-post elementor-grid-item post-7690 post type-post status-publish format-standard has-post-thumbnail hentry category-non-categorise\" role=\"listitem\">\n\t\t\t<div class=\"elementor-post__card\">\n\t\t\t\t<div class=\"elementor-post__text\">\n\t\t\t\t<h3 class=\"elementor-post__title\">\n\t\t\t<a href=\"https:\/\/molinspares.com\/fr\/marc-molins-analyse-sur-rtve-la-loi-damnistie-et-son-impact-juridique\/\" >\n\t\t\t\tMarc Molins analyse sur RTVE la loi d&rsquo;amnistie et son impact juridique\t\t\t<\/a>\n\t\t<\/h3>\n\t\t\t\t<div class=\"elementor-post__excerpt\">\n\t\t\t<p>Une intervention cl\u00e9 pour comprendre le contexte juridique et politique de la loi d&rsquo;amnistie.<\/p>\n\t\t<\/div>\n\t\t\n\t\t<a class=\"elementor-post__read-more\" href=\"https:\/\/molinspares.com\/fr\/marc-molins-analyse-sur-rtve-la-loi-damnistie-et-son-impact-juridique\/\" aria-label=\"Read more about Marc Molins analyse sur RTVE la loi d&rsquo;amnistie et son impact juridique\" tabindex=\"-1\" >\n\t\t\tEn savoir plus\t\t<\/a>\n\n\t\t\t\t<\/div>\n\t\t\t\t<div class=\"elementor-post__meta-data\">\n\t\t\t\t\t<span class=\"elementor-post-date\">\n\t\t\t9 juin 2025\t\t<\/span>\n\t\t\t\t<\/div>\n\t\t\t\t\t<\/div>\n\t\t<\/article>\n\t\t\t\t<\/div>\n\t\t\n\t\t\t\t<div class=\"e-load-more-anchor\" data-page=\"1\" data-max-page=\"4\" data-next-page=\"https:\/\/molinspares.com\/fr\/wp-json\/wp\/v2\/pages\/7203\/page\/2\/\"><\/div>\n\t\t\t\t<nav class=\"elementor-pagination\" aria-label=\"Pagination\">\n\t\t\t<span aria-current=\"page\" class=\"page-numbers current\"><span class=\"elementor-screen-only\">Page<\/span>1<\/span>\n<a class=\"page-numbers\" href=\"https:\/\/molinspares.com\/fr\/wp-json\/wp\/v2\/pages\/7203\/page\/2\/\"><span class=\"elementor-screen-only\">Page<\/span>2<\/a>\n<a class=\"page-numbers\" href=\"https:\/\/molinspares.com\/fr\/wp-json\/wp\/v2\/pages\/7203\/page\/3\/\"><span class=\"elementor-screen-only\">Page<\/span>3<\/a>\n<a class=\"page-numbers\" href=\"https:\/\/molinspares.com\/fr\/wp-json\/wp\/v2\/pages\/7203\/page\/4\/\"><span class=\"elementor-screen-only\">Page<\/span>4<\/a>\t\t<\/nav>\n\t\t\t\t\t\t<\/div>\n\t\t\t\t<\/div>\n\t\t\t\t\t<\/div>\n\t\t\t\t<\/div>\n\t\t\t\t<\/div>\n\t\t","protected":false},"excerpt":{"rendered":"<p>Actualit\u00e9s Notre vision du secteur juridique en Espagne et en Europe Derni\u00e8res nouvelles<\/p>\n","protected":false},"author":1,"featured_media":0,"parent":0,"menu_order":7,"comment_status":"closed","ping_status":"closed","template":"","meta":{"footnotes":""},"categories":[],"tags":[],"class_list":["post-7203","page","type-page","status-publish","hentry"],"yoast_head":"<!-- This site is optimized with the Yoast SEO Premium plugin v26.1 (Yoast SEO v27.2) - https:\/\/yoast.com\/product\/yoast-seo-premium-wordpress\/ -->\n<title>Actualit\u00e9s - Molins Par\u00e9s - Despacho de Abogados Penalistas en Barcelona | Excelencia y Privacidad<\/title>\n<meta name=\"robots\" content=\"index, follow, max-snippet:-1, max-image-preview:large, max-video-preview:-1\" \/>\n<link rel=\"canonical\" href=\"https:\/\/molinspares.com\/fr\/actualites\/\" \/>\n<meta property=\"og:locale\" content=\"fr_FR\" \/>\n<meta property=\"og:type\" content=\"article\" \/>\n<meta property=\"og:title\" content=\"Actualit\u00e9s\" \/>\n<meta property=\"og:description\" content=\"Actualit\u00e9s Notre vision du secteur juridique en Espagne et en Europe Derni\u00e8res nouvelles\" \/>\n<meta property=\"og:url\" content=\"https:\/\/molinspares.com\/fr\/actualites\/\" \/>\n<meta property=\"og:site_name\" content=\"Molins Par\u00e9s - Despacho de Abogados Penalistas en Barcelona | Excelencia y Privacidad\" \/>\n<meta property=\"article:publisher\" content=\"https:\/\/www.facebook.com\/profile.php?id=100067944420137\" \/>\n<meta property=\"article:modified_time\" content=\"2025-06-19T20:42:28+00:00\" \/>\n<meta property=\"og:image\" content=\"https:\/\/molinspares.com\/wp-content\/uploads\/Molins-Pares-Abogados-Barcelona-100.png\" \/>\n\t<meta property=\"og:image:width\" content=\"1200\" \/>\n\t<meta property=\"og:image:height\" content=\"675\" \/>\n\t<meta property=\"og:image:type\" content=\"image\/png\" \/>\n<meta name=\"twitter:card\" content=\"summary_large_image\" \/>\n<script type=\"application\/ld+json\" class=\"yoast-schema-graph\">{\"@context\":\"https:\/\/schema.org\",\"@graph\":[{\"@type\":\"WebPage\",\"@id\":\"https:\/\/molinspares.com\/fr\/actualites\/\",\"url\":\"https:\/\/molinspares.com\/fr\/actualites\/\",\"name\":\"Actualit\u00e9s - Molins Par\u00e9s - Despacho de Abogados Penalistas en Barcelona | Excelencia y Privacidad\",\"isPartOf\":{\"@id\":\"https:\/\/molinspares.com\/fr\/#website\"},\"datePublished\":\"2023-10-20T09:55:52+00:00\",\"dateModified\":\"2025-06-19T20:42:28+00:00\",\"breadcrumb\":{\"@id\":\"https:\/\/molinspares.com\/fr\/actualites\/#breadcrumb\"},\"inLanguage\":\"fr-FR\",\"potentialAction\":[{\"@type\":\"ReadAction\",\"target\":[\"https:\/\/molinspares.com\/fr\/actualites\/\"]}]},{\"@type\":\"BreadcrumbList\",\"@id\":\"https:\/\/molinspares.com\/fr\/actualites\/#breadcrumb\",\"itemListElement\":[{\"@type\":\"ListItem\",\"position\":1,\"name\":\"Portada\",\"item\":\"https:\/\/molinspares.com\/fr\/\"},{\"@type\":\"ListItem\",\"position\":2,\"name\":\"Actualit\u00e9s\"}]},{\"@type\":\"WebSite\",\"@id\":\"https:\/\/molinspares.com\/fr\/#website\",\"url\":\"https:\/\/molinspares.com\/fr\/\",\"name\":\"Molins & Par\u00e9s - Despacho de Abogados Penalistas en Barcelona\",\"description\":\"En Molins &amp; Par\u00e9s somos especialistas en derecho penal. Garantizamos la privacidad del cliente y la m\u00e1xima excelencia en cada caso. \u00a1Cont\u00e1ctanos!\",\"publisher\":{\"@id\":\"https:\/\/molinspares.com\/fr\/#organization\"},\"alternateName\":\"Molins & Par\u00e9s\",\"potentialAction\":[{\"@type\":\"SearchAction\",\"target\":{\"@type\":\"EntryPoint\",\"urlTemplate\":\"https:\/\/molinspares.com\/fr\/?s={search_term_string}\"},\"query-input\":{\"@type\":\"PropertyValueSpecification\",\"valueRequired\":true,\"valueName\":\"search_term_string\"}}],\"inLanguage\":\"fr-FR\"},{\"@type\":\"Organization\",\"@id\":\"https:\/\/molinspares.com\/fr\/#organization\",\"name\":\"Molins & Par\u00e9s - Despacho de Abogados Penalistas en Barcelona\",\"alternateName\":\"Molins & Par\u00e9s\",\"url\":\"https:\/\/molinspares.com\/fr\/\",\"logo\":{\"@type\":\"ImageObject\",\"inLanguage\":\"fr-FR\",\"@id\":\"https:\/\/molinspares.com\/fr\/#\/schema\/logo\/image\/\",\"url\":\"https:\/\/molinspares.com\/wp-content\/uploads\/logo_MolinsPares-2.jpg\",\"contentUrl\":\"https:\/\/molinspares.com\/wp-content\/uploads\/logo_MolinsPares-2.jpg\",\"width\":512,\"height\":512,\"caption\":\"Molins & Par\u00e9s - Despacho de Abogados Penalistas en Barcelona\"},\"image\":{\"@id\":\"https:\/\/molinspares.com\/fr\/#\/schema\/logo\/image\/\"},\"sameAs\":[\"https:\/\/www.facebook.com\/profile.php?id=100067944420137\",\"https:\/\/www.linkedin.com\/in\/molins-pars-penal-compliance-44383b65\/\"],\"publishingPrinciples\":\"https:\/\/molinspares.com\/politica-privacidad\/\",\"ownershipFundingInfo\":\"https:\/\/molinspares.com\/politica-privacidad\/\",\"actionableFeedbackPolicy\":\"https:\/\/molinspares.com\/politica-privacidad\/\",\"correctionsPolicy\":\"https:\/\/molinspares.com\/politica-privacidad\/\",\"ethicsPolicy\":\"https:\/\/molinspares.com\/politica-privacidad\/\",\"diversityPolicy\":\"https:\/\/molinspares.com\/politica-privacidad\/\",\"diversityStaffingReport\":\"https:\/\/molinspares.com\/politica-privacidad\/\"}]}<\/script>\n<!-- \/ Yoast SEO Premium plugin. -->","yoast_head_json":{"title":"Actualit\u00e9s - Molins Par\u00e9s - Despacho de Abogados Penalistas en Barcelona | Excelencia y Privacidad","robots":{"index":"index","follow":"follow","max-snippet":"max-snippet:-1","max-image-preview":"max-image-preview:large","max-video-preview":"max-video-preview:-1"},"canonical":"https:\/\/molinspares.com\/fr\/actualites\/","og_locale":"fr_FR","og_type":"article","og_title":"Actualit\u00e9s","og_description":"Actualit\u00e9s Notre vision du secteur juridique en Espagne et en Europe Derni\u00e8res nouvelles","og_url":"https:\/\/molinspares.com\/fr\/actualites\/","og_site_name":"Molins Par\u00e9s - Despacho de Abogados Penalistas en Barcelona | Excelencia y Privacidad","article_publisher":"https:\/\/www.facebook.com\/profile.php?id=100067944420137","article_modified_time":"2025-06-19T20:42:28+00:00","og_image":[{"width":1200,"height":675,"url":"https:\/\/molinspares.com\/wp-content\/uploads\/Molins-Pares-Abogados-Barcelona-100.png","type":"image\/png"}],"twitter_card":"summary_large_image","schema":{"@context":"https:\/\/schema.org","@graph":[{"@type":"WebPage","@id":"https:\/\/molinspares.com\/fr\/actualites\/","url":"https:\/\/molinspares.com\/fr\/actualites\/","name":"Actualit\u00e9s - Molins Par\u00e9s - Despacho de Abogados Penalistas en Barcelona | Excelencia y Privacidad","isPartOf":{"@id":"https:\/\/molinspares.com\/fr\/#website"},"datePublished":"2023-10-20T09:55:52+00:00","dateModified":"2025-06-19T20:42:28+00:00","breadcrumb":{"@id":"https:\/\/molinspares.com\/fr\/actualites\/#breadcrumb"},"inLanguage":"fr-FR","potentialAction":[{"@type":"ReadAction","target":["https:\/\/molinspares.com\/fr\/actualites\/"]}]},{"@type":"BreadcrumbList","@id":"https:\/\/molinspares.com\/fr\/actualites\/#breadcrumb","itemListElement":[{"@type":"ListItem","position":1,"name":"Portada","item":"https:\/\/molinspares.com\/fr\/"},{"@type":"ListItem","position":2,"name":"Actualit\u00e9s"}]},{"@type":"WebSite","@id":"https:\/\/molinspares.com\/fr\/#website","url":"https:\/\/molinspares.com\/fr\/","name":"Molins & Par\u00e9s - Despacho de Abogados Penalistas en Barcelona","description":"En Molins &amp; Par\u00e9s somos especialistas en derecho penal. Garantizamos la privacidad del cliente y la m\u00e1xima excelencia en cada caso. \u00a1Cont\u00e1ctanos!","publisher":{"@id":"https:\/\/molinspares.com\/fr\/#organization"},"alternateName":"Molins & Par\u00e9s","potentialAction":[{"@type":"SearchAction","target":{"@type":"EntryPoint","urlTemplate":"https:\/\/molinspares.com\/fr\/?s={search_term_string}"},"query-input":{"@type":"PropertyValueSpecification","valueRequired":true,"valueName":"search_term_string"}}],"inLanguage":"fr-FR"},{"@type":"Organization","@id":"https:\/\/molinspares.com\/fr\/#organization","name":"Molins & Par\u00e9s - Despacho de Abogados Penalistas en Barcelona","alternateName":"Molins & Par\u00e9s","url":"https:\/\/molinspares.com\/fr\/","logo":{"@type":"ImageObject","inLanguage":"fr-FR","@id":"https:\/\/molinspares.com\/fr\/#\/schema\/logo\/image\/","url":"https:\/\/molinspares.com\/wp-content\/uploads\/logo_MolinsPares-2.jpg","contentUrl":"https:\/\/molinspares.com\/wp-content\/uploads\/logo_MolinsPares-2.jpg","width":512,"height":512,"caption":"Molins & Par\u00e9s - Despacho de Abogados Penalistas en Barcelona"},"image":{"@id":"https:\/\/molinspares.com\/fr\/#\/schema\/logo\/image\/"},"sameAs":["https:\/\/www.facebook.com\/profile.php?id=100067944420137","https:\/\/www.linkedin.com\/in\/molins-pars-penal-compliance-44383b65\/"],"publishingPrinciples":"https:\/\/molinspares.com\/politica-privacidad\/","ownershipFundingInfo":"https:\/\/molinspares.com\/politica-privacidad\/","actionableFeedbackPolicy":"https:\/\/molinspares.com\/politica-privacidad\/","correctionsPolicy":"https:\/\/molinspares.com\/politica-privacidad\/","ethicsPolicy":"https:\/\/molinspares.com\/politica-privacidad\/","diversityPolicy":"https:\/\/molinspares.com\/politica-privacidad\/","diversityStaffingReport":"https:\/\/molinspares.com\/politica-privacidad\/"}]}},"_links":{"self":[{"href":"https:\/\/molinspares.com\/fr\/wp-json\/wp\/v2\/pages\/7203","targetHints":{"allow":["GET"]}}],"collection":[{"href":"https:\/\/molinspares.com\/fr\/wp-json\/wp\/v2\/pages"}],"about":[{"href":"https:\/\/molinspares.com\/fr\/wp-json\/wp\/v2\/types\/page"}],"author":[{"embeddable":true,"href":"https:\/\/molinspares.com\/fr\/wp-json\/wp\/v2\/users\/1"}],"replies":[{"embeddable":true,"href":"https:\/\/molinspares.com\/fr\/wp-json\/wp\/v2\/comments?post=7203"}],"version-history":[{"count":1,"href":"https:\/\/molinspares.com\/fr\/wp-json\/wp\/v2\/pages\/7203\/revisions"}],"predecessor-version":[{"id":7205,"href":"https:\/\/molinspares.com\/fr\/wp-json\/wp\/v2\/pages\/7203\/revisions\/7205"}],"wp:attachment":[{"href":"https:\/\/molinspares.com\/fr\/wp-json\/wp\/v2\/media?parent=7203"}],"wp:term":[{"taxonomy":"category","embeddable":true,"href":"https:\/\/molinspares.com\/fr\/wp-json\/wp\/v2\/categories?post=7203"},{"taxonomy":"post_tag","embeddable":true,"href":"https:\/\/molinspares.com\/fr\/wp-json\/wp\/v2\/tags?post=7203"}],"curies":[{"name":"wp","href":"https:\/\/api.w.org\/{rel}","templated":true}]}}