{"id":7216,"date":"2023-10-20T12:00:33","date_gmt":"2023-10-20T10:00:33","guid":{"rendered":"https:\/\/molinspares.com\/marc-molins-i-raich\/"},"modified":"2025-10-24T10:48:30","modified_gmt":"2025-10-24T08:48:30","slug":"marc-molins-i-raich","status":"publish","type":"page","link":"https:\/\/molinspares.com\/ca\/marc-molins-i-raich\/","title":{"rendered":"Marc Molins i Raich"},"content":{"rendered":"\t\t<div data-elementor-type=\"wp-page\" data-elementor-id=\"7216\" class=\"elementor elementor-7216 elementor-58\" data-elementor-post-type=\"page\">\n\t\t\t\t<div class=\"elementor-element elementor-element-d175a10 e-flex e-con-boxed e-con e-parent\" data-id=\"d175a10\" data-element_type=\"container\" data-e-type=\"container\" data-settings=\"{&quot;background_background&quot;:&quot;classic&quot;}\">\n\t\t\t\t\t<div class=\"e-con-inner\">\n\t\t\t\t<div class=\"elementor-element elementor-element-77a25bd elementor-widget elementor-widget-heading\" data-id=\"77a25bd\" data-element_type=\"widget\" data-e-type=\"widget\" data-widget_type=\"heading.default\">\n\t\t\t\t<div class=\"elementor-widget-container\">\n\t\t\t\t\t<h2 class=\"elementor-heading-title elementor-size-default\">El nostre Equip<\/h2>\t\t\t\t<\/div>\n\t\t\t\t<\/div>\n\t\t\t\t\t<\/div>\n\t\t\t\t<\/div>\n\t\t<div class=\"elementor-element elementor-element-5bff0a90 e-flex e-con-boxed e-con e-parent\" data-id=\"5bff0a90\" data-element_type=\"container\" data-e-type=\"container\" data-settings=\"{&quot;background_background&quot;:&quot;classic&quot;}\">\n\t\t\t\t\t<div class=\"e-con-inner\">\n\t\t<div class=\"elementor-element elementor-element-6642761b e-con-full e-flex e-con e-child\" data-id=\"6642761b\" data-element_type=\"container\" data-e-type=\"container\">\n\t\t\t\t<div class=\"elementor-element elementor-element-2161ebb7 elementor-widget-divider--view-line elementor-widget elementor-widget-divider\" data-id=\"2161ebb7\" data-element_type=\"widget\" data-e-type=\"widget\" data-widget_type=\"divider.default\">\n\t\t\t\t<div class=\"elementor-widget-container\">\n\t\t\t\t\t\t\t<div class=\"elementor-divider\">\n\t\t\t<span class=\"elementor-divider-separator\">\n\t\t\t\t\t\t<\/span>\n\t\t<\/div>\n\t\t\t\t\t\t<\/div>\n\t\t\t\t<\/div>\n\t\t\t\t<div class=\"elementor-element elementor-element-2706b3a8 elementor-widget elementor-widget-heading\" data-id=\"2706b3a8\" data-element_type=\"widget\" data-e-type=\"widget\" data-widget_type=\"heading.default\">\n\t\t\t\t<div class=\"elementor-widget-container\">\n\t\t\t\t\t<h1 class=\"elementor-heading-title elementor-size-default\">Marc Molins i Raich<\/h1>\t\t\t\t<\/div>\n\t\t\t\t<\/div>\n\t\t\t\t<\/div>\n\t\t\t\t\t<\/div>\n\t\t\t\t<\/div>\n\t\t<div class=\"elementor-element elementor-element-7fe68af e-flex e-con-boxed e-con e-parent\" data-id=\"7fe68af\" data-element_type=\"container\" data-e-type=\"container\">\n\t\t\t\t\t<div class=\"e-con-inner\">\n\t\t<div class=\"elementor-element elementor-element-4a28999 e-con-full e-flex e-con e-child\" data-id=\"4a28999\" data-element_type=\"container\" data-e-type=\"container\">\n\t\t\t\t<div class=\"elementor-element elementor-element-491d13a3 elementor-widget-tablet__width-inherit elementor-icon-list--layout-traditional elementor-list-item-link-full_width elementor-widget elementor-widget-icon-list\" data-id=\"491d13a3\" data-element_type=\"widget\" data-e-type=\"widget\" data-widget_type=\"icon-list.default\">\n\t\t\t\t<div class=\"elementor-widget-container\">\n\t\t\t\t\t\t\t<ul class=\"elementor-icon-list-items\">\n\t\t\t\t\t\t\t<li class=\"elementor-icon-list-item\">\n\t\t\t\t\t\t\t\t\t\t\t<span class=\"elementor-icon-list-icon\">\n\t\t\t\t\t\t\t<i aria-hidden=\"true\" class=\"fas fa-chevron-right\"><\/i>\t\t\t\t\t\t<\/span>\n\t\t\t\t\t\t\t\t\t\t<span class=\"elementor-icon-list-text\">Soci<\/span>\n\t\t\t\t\t\t\t\t\t<\/li>\n\t\t\t\t\t\t\t\t<li class=\"elementor-icon-list-item\">\n\t\t\t\t\t\t\t\t\t\t\t<span class=\"elementor-icon-list-icon\">\n\t\t\t\t\t\t\t<i aria-hidden=\"true\" class=\"fas fa-graduation-cap\"><\/i>\t\t\t\t\t\t<\/span>\n\t\t\t\t\t\t\t\t\t\t<span class=\"elementor-icon-list-text\">Doctor en Dret<\/span>\n\t\t\t\t\t\t\t\t\t<\/li>\n\t\t\t\t\t\t\t\t<li class=\"elementor-icon-list-item\">\n\t\t\t\t\t\t\t\t\t\t\t<a href=\"mailto:m.molins@molinspares.com\">\n\n\t\t\t\t\t\t\t\t\t\t\t\t<span class=\"elementor-icon-list-icon\">\n\t\t\t\t\t\t\t<i aria-hidden=\"true\" class=\"icon icon-envelope2\"><\/i>\t\t\t\t\t\t<\/span>\n\t\t\t\t\t\t\t\t\t\t<span class=\"elementor-icon-list-text\">m.molins@molinspares.com<\/span>\n\t\t\t\t\t\t\t\t\t\t\t<\/a>\n\t\t\t\t\t\t\t\t\t<\/li>\n\t\t\t\t\t\t\t\t<li class=\"elementor-icon-list-item\">\n\t\t\t\t\t\t\t\t\t\t\t<a href=\"https:\/\/www.linkedin.com\/in\/marc-molins-raich-3a7a6a102\/\" target=\"_blank\">\n\n\t\t\t\t\t\t\t\t\t\t\t\t<span class=\"elementor-icon-list-icon\">\n\t\t\t\t\t\t\t<i aria-hidden=\"true\" class=\"icon icon-linkedin\"><\/i>\t\t\t\t\t\t<\/span>\n\t\t\t\t\t\t\t\t\t\t<span class=\"elementor-icon-list-text\"><\/span>\n\t\t\t\t\t\t\t\t\t\t\t<\/a>\n\t\t\t\t\t\t\t\t\t<\/li>\n\t\t\t\t\t\t<\/ul>\n\t\t\t\t\t\t<\/div>\n\t\t\t\t<\/div>\n\t\t\t\t<div class=\"elementor-element elementor-element-ed24ae8 elementor-position-inline-start elementor-mobile-position-inline-start elementor-view-default elementor-widget elementor-widget-icon-box\" data-id=\"ed24ae8\" data-element_type=\"widget\" data-e-type=\"widget\" data-widget_type=\"icon-box.default\">\n\t\t\t\t<div class=\"elementor-widget-container\">\n\t\t\t\t\t\t\t<div class=\"elementor-icon-box-wrapper\">\n\n\t\t\t\t\t\t<div class=\"elementor-icon-box-icon\">\n\t\t\t\t<span  class=\"elementor-icon\">\n\t\t\t\t<i aria-hidden=\"true\" class=\"icon icon-bookmark\"><\/i>\t\t\t\t<\/span>\n\t\t\t<\/div>\n\t\t\t\n\t\t\t\t\t\t<div class=\"elementor-icon-box-content\">\n\n\t\t\t\t\t\t\t\t\t<h3 class=\"elementor-icon-box-title\">\n\t\t\t\t\t\t<span  >\n\t\t\t\t\t\t\tEdici\u00f3 2025\t\t\t\t\t\t<\/span>\n\t\t\t\t\t<\/h3>\n\t\t\t\t\n\t\t\t\t\t\t\t\t\t<p class=\"elementor-icon-box-description\">\n\t\t\t\t\t\tReconegut per Chambers and Partners a la categoria <em>\u201cDispute Resolution: Corporate Crime\u201d<\/em>\t\t\t\t\t<\/p>\n\t\t\t\t\n\t\t\t<\/div>\n\t\t\t\n\t\t<\/div>\n\t\t\t\t\t\t<\/div>\n\t\t\t\t<\/div>\n\t\t\t\t<div class=\"elementor-element elementor-element-6069508 elementor-widget-tablet__width-initial elementor-widget elementor-widget-image\" data-id=\"6069508\" data-element_type=\"widget\" data-e-type=\"widget\" data-widget_type=\"image.default\">\n\t\t\t\t<div class=\"elementor-widget-container\">\n\t\t\t\t\t\t\t\t\t\t\t\t\t\t\t<img fetchpriority=\"high\" decoding=\"async\" width=\"314\" height=\"314\" src=\"https:\/\/molinspares.com\/wp-content\/uploads\/certificaciones-Chambers-and-Partners-2025-Marc-Molins.jpg\" class=\"attachment-large size-large wp-image-6745\" alt=\"\" srcset=\"https:\/\/molinspares.com\/wp-content\/uploads\/certificaciones-Chambers-and-Partners-2025-Marc-Molins.jpg 314w, https:\/\/molinspares.com\/wp-content\/uploads\/certificaciones-Chambers-and-Partners-2025-Marc-Molins-300x300.jpg 300w, https:\/\/molinspares.com\/wp-content\/uploads\/certificaciones-Chambers-and-Partners-2025-Marc-Molins-150x150.jpg 150w\" sizes=\"(max-width: 314px) 100vw, 314px\" \/>\t\t\t\t\t\t\t\t\t\t\t\t\t\t\t<\/div>\n\t\t\t\t<\/div>\n\t\t\t\t<div class=\"elementor-element elementor-element-913707c elementor-widget-tablet__width-initial elementor-hidden-desktop elementor-hidden-tablet elementor-hidden-mobile elementor-hidden-laptop elementor-widget elementor-widget-image\" data-id=\"913707c\" data-element_type=\"widget\" data-e-type=\"widget\" data-widget_type=\"image.default\">\n\t\t\t\t<div class=\"elementor-widget-container\">\n\t\t\t\t\t\t\t\t\t\t\t\t\t\t\t<img decoding=\"async\" width=\"800\" height=\"242\" src=\"https:\/\/molinspares.com\/wp-content\/uploads\/Best-Lawyers-2025-Marc-Molins.jpg\" class=\"attachment-large size-large wp-image-6673\" alt=\"\" srcset=\"https:\/\/molinspares.com\/wp-content\/uploads\/Best-Lawyers-2025-Marc-Molins.jpg 800w, https:\/\/molinspares.com\/wp-content\/uploads\/Best-Lawyers-2025-Marc-Molins-300x91.jpg 300w, https:\/\/molinspares.com\/wp-content\/uploads\/Best-Lawyers-2025-Marc-Molins-768x232.jpg 768w\" sizes=\"(max-width: 800px) 100vw, 800px\" \/>\t\t\t\t\t\t\t\t\t\t\t\t\t\t\t<\/div>\n\t\t\t\t<\/div>\n\t\t\t\t<div class=\"elementor-element elementor-element-485b798 elementor-widget-tablet__width-initial elementor-widget elementor-widget-image\" data-id=\"485b798\" data-element_type=\"widget\" data-e-type=\"widget\" data-widget_type=\"image.default\">\n\t\t\t\t<div class=\"elementor-widget-container\">\n\t\t\t\t\t\t\t\t\t\t\t\t\t\t\t<img decoding=\"async\" width=\"800\" height=\"897\" src=\"https:\/\/molinspares.com\/wp-content\/uploads\/Best-Lawyers-Lawyer-of-the-year-Marc-Molins-2021-913x1024.png\" class=\"attachment-large size-large wp-image-6165\" alt=\"\" srcset=\"https:\/\/molinspares.com\/wp-content\/uploads\/Best-Lawyers-Lawyer-of-the-year-Marc-Molins-2021-913x1024.png 913w, https:\/\/molinspares.com\/wp-content\/uploads\/Best-Lawyers-Lawyer-of-the-year-Marc-Molins-2021-268x300.png 268w, https:\/\/molinspares.com\/wp-content\/uploads\/Best-Lawyers-Lawyer-of-the-year-Marc-Molins-2021-768x861.png 768w, https:\/\/molinspares.com\/wp-content\/uploads\/Best-Lawyers-Lawyer-of-the-year-Marc-Molins-2021-1370x1536.png 1370w, https:\/\/molinspares.com\/wp-content\/uploads\/Best-Lawyers-Lawyer-of-the-year-Marc-Molins-2021-1826x2048.png 1826w\" sizes=\"(max-width: 800px) 100vw, 800px\" \/>\t\t\t\t\t\t\t\t\t\t\t\t\t\t\t<\/div>\n\t\t\t\t<\/div>\n\t\t\t\t<\/div>\n\t\t<div class=\"elementor-element elementor-element-38ab858 e-con-full e-flex e-con e-child\" data-id=\"38ab858\" data-element_type=\"container\" data-e-type=\"container\">\n\t\t\t\t<div class=\"elementor-element elementor-element-207dd34a e-transform elementor-widget elementor-widget-heading\" data-id=\"207dd34a\" data-element_type=\"widget\" data-e-type=\"widget\" data-settings=\"{&quot;_transform_translateY_effect_mobile&quot;:{&quot;unit&quot;:&quot;px&quot;,&quot;size&quot;:0,&quot;sizes&quot;:[]},&quot;_transform_translateX_effect&quot;:{&quot;unit&quot;:&quot;px&quot;,&quot;size&quot;:&quot;&quot;,&quot;sizes&quot;:[]},&quot;_transform_translateX_effect_laptop&quot;:{&quot;unit&quot;:&quot;px&quot;,&quot;size&quot;:&quot;&quot;,&quot;sizes&quot;:[]},&quot;_transform_translateX_effect_tablet&quot;:{&quot;unit&quot;:&quot;px&quot;,&quot;size&quot;:&quot;&quot;,&quot;sizes&quot;:[]},&quot;_transform_translateX_effect_mobile&quot;:{&quot;unit&quot;:&quot;px&quot;,&quot;size&quot;:&quot;&quot;,&quot;sizes&quot;:[]},&quot;_transform_translateY_effect&quot;:{&quot;unit&quot;:&quot;px&quot;,&quot;size&quot;:&quot;&quot;,&quot;sizes&quot;:[]},&quot;_transform_translateY_effect_laptop&quot;:{&quot;unit&quot;:&quot;px&quot;,&quot;size&quot;:&quot;&quot;,&quot;sizes&quot;:[]},&quot;_transform_translateY_effect_tablet&quot;:{&quot;unit&quot;:&quot;px&quot;,&quot;size&quot;:&quot;&quot;,&quot;sizes&quot;:[]}}\" data-widget_type=\"heading.default\">\n\t\t\t\t<div class=\"elementor-widget-container\">\n\t\t\t\t\t<h4 class=\"elementor-heading-title elementor-size-default\">Despr\u00e9s d'una extensa traject\u00f2ria a l'exercici del Dret Penal, l'any 2013 va decidir iniciar el seu propi projecte professional juntament amb la seva s\u00f2cia Laura Par\u00e9s. Des de llavors, la seva activitat s'ha centrat en la defensa de persones f\u00edsiques i jur\u00eddiques, tant de l'\u00e0mbit p\u00fablic com de privat, en tota mena de procediments judicials. <\/h4>\t\t\t\t<\/div>\n\t\t\t\t<\/div>\n\t\t\t\t<div class=\"elementor-element elementor-element-4741915a lista-con-chevron elementor-widget elementor-widget-text-editor\" data-id=\"4741915a\" data-element_type=\"widget\" data-e-type=\"widget\" data-widget_type=\"text-editor.default\">\n\t\t\t\t<div class=\"elementor-widget-container\">\n\t\t\t\t\t\t\t\t\t<ul><li>El seu \u00e0mbit d&#8217;especialitzaci\u00f3 rau en el dret penal econ\u00f2mic, en la prob\u00e0tica i en el dret processal penal. Complementa l&#8217;exercici professional amb una aposta ferma per la formaci\u00f3 continuada, la qual cosa es tradueix en la publicaci\u00f3 de nombrosos articles doctrinals, participaci\u00f3 en f\u00f2rums i debats cient\u00edfics, aix\u00ed com en la seva vinculaci\u00f3 docent amb la Facultat de Dret de la Universitat de Barcelona (UB) i amb organismes encarregats de la formaci\u00f3 de nous lletrats i membres de la Carrera Judicial. <\/li><li>Des d&#8217;una perspectiva acad\u00e8mica, els darrers anys ha focalitzat la seva atenci\u00f3 en tres l\u00ednies de recerca: (i) l&#8217;an\u00e0lisi de la doctrina jurisprudencial del Tribunal Europeu de Drets Humans, amb una atenci\u00f3 especial a la nul\u00b7litat de la prova; (ii) la q\u00fcesti\u00f3 de g\u00e8nere en el dret penal i processal; i (iii) el debat sobre la promulgaci\u00f3 d&#8217;una nova Llei d&#8217;Enjudiciament Criminal, analitzant els pilars sobre els quals s&#8217;hauria de construir un nou model d&#8217;enjudiciament penal. Aquestes investigacions s&#8217;han plasmat en publicacions i pon\u00e8ncies, i en destaquen les quatre impartides per invitaci\u00f3 del Consell General del Poder Judicial.    <\/li><li>A nivell institucional, Marc Molins Raich ha exercit diversos c\u00e0rrecs electes a l \u201cIl\u00b7lustre Col\u00b7legi d\u201d Advocats de Barcelona i actualment \u00e9s vocal de la Secci\u00f3 de Dret Processal.<p>Tamb\u00e9 participa activament en la divulgaci\u00f3 jur\u00eddica mitjan\u00e7ant mitjans de comunicaci\u00f3, promovent la comprensi\u00f3 dels principis fonamentals de l&#8217;Estat de Dret.<\/p><\/li><\/ul>\t\t\t\t\t\t\t\t<\/div>\n\t\t\t\t<\/div>\n\t\t\t\t<div class=\"elementor-element elementor-element-e238119 lista-con-chevron elementor-widget elementor-widget-accordion\" data-id=\"e238119\" data-element_type=\"widget\" data-e-type=\"widget\" data-widget_type=\"accordion.default\">\n\t\t\t\t<div class=\"elementor-widget-container\">\n\t\t\t\t\t\t\t<div class=\"elementor-accordion\">\n\t\t\t\t\t\t\t<div class=\"elementor-accordion-item\">\n\t\t\t\t\t<div id=\"elementor-tab-title-2371\" class=\"elementor-tab-title\" data-tab=\"1\" role=\"button\" aria-controls=\"elementor-tab-content-2371\" aria-expanded=\"false\">\n\t\t\t\t\t\t\t\t\t\t\t\t\t<span class=\"elementor-accordion-icon elementor-accordion-icon-left\" aria-hidden=\"true\">\n\t\t\t\t\t\t\t\t\t\t\t\t\t\t\t<span class=\"elementor-accordion-icon-closed\"><i class=\"fas fa-plus\"><\/i><\/span>\n\t\t\t\t\t\t\t\t<span class=\"elementor-accordion-icon-opened\"><i class=\"fas fa-minus\"><\/i><\/span>\n\t\t\t\t\t\t\t\t\t\t\t\t\t\t<\/span>\n\t\t\t\t\t\t\t\t\t\t\t\t<a class=\"elementor-accordion-title\" tabindex=\"0\">Formaci\u00f3<\/a>\n\t\t\t\t\t<\/div>\n\t\t\t\t\t<div id=\"elementor-tab-content-2371\" class=\"elementor-tab-content elementor-clearfix\" data-tab=\"1\" role=\"region\" aria-labelledby=\"elementor-tab-title-2371\"><ul>\n<li>Doctor en Dret Penal i Ci\u00e8ncies Penals, Universitat de Barcelona, \u200b\u200b2005. Qualificaci\u00f3 \u201cExcel\u00b7lent cum laude per unanimitat\u201d. <\/li>\n<li>M\u00e0ster en Dret Penal i Ci\u00e8ncies Penals, Universitat de Barcelona i Universitat Pompeu Fabra, 1996-1998.<\/li>\n<li>Diploma d\u00b4Estudis Jur\u00eddics Avan\u00e7ats (Sufici\u00e8ncia Investigadora Doctoral), Universitat de Barcelona, \u200b\u200b1998-2000.<\/li>\n<li>Course in Fonamentals of Scots Law (Curs sobre Fonaments de Dret Escoc\u00e8s), Universitat d&#8217;Edimburg, 2001.<\/li>\n<li>Becari espanyol de l&#8217;edici\u00f3 2001 del programa de formaci\u00f3 patrocinat per la Universitat d&#8217;Edimburg i la Scots Law Society, Col\u00b7legi d&#8217;Advocats d&#8217;Esc\u00f2cia (gener a juny de 2001).<\/li>\n<li>Course in Fundamentals of English Law (Curs sobre els Fonaments de Dret Angl\u00e8s), London Guildhall University, Londres, 1994.<\/li>\n<li>Postgrau en Dret Europeu i en Jurisprud\u00e8ncia del Tribunal Europeu de Drets Humans, Il\u00b7lustre Col\u00b7legi de l&#8217;Advocacia de Barcelona, \u200b\u200b2021.<\/li>\n<li>Llicenciat en Dret, Universitat Pompeu Fabra, 1992-1997.<\/li>\n<\/ul>\n<\/div>\n\t\t\t\t<\/div>\n\t\t\t\t\t\t\t<div class=\"elementor-accordion-item\">\n\t\t\t\t\t<div id=\"elementor-tab-title-2372\" class=\"elementor-tab-title\" data-tab=\"2\" role=\"button\" aria-controls=\"elementor-tab-content-2372\" aria-expanded=\"false\">\n\t\t\t\t\t\t\t\t\t\t\t\t\t<span class=\"elementor-accordion-icon elementor-accordion-icon-left\" aria-hidden=\"true\">\n\t\t\t\t\t\t\t\t\t\t\t\t\t\t\t<span class=\"elementor-accordion-icon-closed\"><i class=\"fas fa-plus\"><\/i><\/span>\n\t\t\t\t\t\t\t\t<span class=\"elementor-accordion-icon-opened\"><i class=\"fas fa-minus\"><\/i><\/span>\n\t\t\t\t\t\t\t\t\t\t\t\t\t\t<\/span>\n\t\t\t\t\t\t\t\t\t\t\t\t<a class=\"elementor-accordion-title\" tabindex=\"0\">Exercici de l'advocacia<\/a>\n\t\t\t\t\t<\/div>\n\t\t\t\t\t<div id=\"elementor-tab-content-2372\" class=\"elementor-tab-content elementor-clearfix\" data-tab=\"2\" role=\"region\" aria-labelledby=\"elementor-tab-title-2372\"><ul>\n<li>Advocat col\u00b7legiat a l \u201cIl\u00b7lustre Col\u00b7legi de l\u201d Advocacia de Barcelona en qualitat d \u201cexercent des de maig de 1997 (25 anys d\u201d exercici efectiu de l \u201cadvocacia davant dels Jutjats i Tribunals de tot el territori nacional, amb inclusi\u00f3 singular dels \u00f2rgans Centrals d\u201d Instrucci\u00f3, Audi\u00e8ncia Nacional i Tribunal Suprem). N\u00famero de col\u00b7legiat ICAB 23.841. <\/li>\n<li>Advocat extern apoderat al servei de l \u201cExcm. Ajuntament de Barcelona (des del 2005 fins a l\u201d actualitat). <\/li>\n<\/ul>\n<ul>\n<li>Advocat promotor de la Sent\u00e8ncia de Ple del Tribunal Constitucional STC 88\/2013, d \u201c11 d\u201d abril de 2013, pel qual es matisa la doctrina del mateix Tribunal continguda a la STC 167\/2002 en relaci\u00f3 amb la possibilitat de dictar condemna en segona inst\u00e0ncia basada en una activitat probat\u00f2ria sense garantia.<\/li>\n<\/ul>\n<\/div>\n\t\t\t\t<\/div>\n\t\t\t\t\t\t\t<div class=\"elementor-accordion-item\">\n\t\t\t\t\t<div id=\"elementor-tab-title-2373\" class=\"elementor-tab-title\" data-tab=\"3\" role=\"button\" aria-controls=\"elementor-tab-content-2373\" aria-expanded=\"false\">\n\t\t\t\t\t\t\t\t\t\t\t\t\t<span class=\"elementor-accordion-icon elementor-accordion-icon-left\" aria-hidden=\"true\">\n\t\t\t\t\t\t\t\t\t\t\t\t\t\t\t<span class=\"elementor-accordion-icon-closed\"><i class=\"fas fa-plus\"><\/i><\/span>\n\t\t\t\t\t\t\t\t<span class=\"elementor-accordion-icon-opened\"><i class=\"fas fa-minus\"><\/i><\/span>\n\t\t\t\t\t\t\t\t\t\t\t\t\t\t<\/span>\n\t\t\t\t\t\t\t\t\t\t\t\t<a class=\"elementor-accordion-title\" tabindex=\"0\">Doc\u00e8ncia universit\u00e0ria<\/a>\n\t\t\t\t\t<\/div>\n\t\t\t\t\t<div id=\"elementor-tab-content-2373\" class=\"elementor-tab-content elementor-clearfix\" data-tab=\"3\" role=\"region\" aria-labelledby=\"elementor-tab-title-2373\"><ul>\n<li>Professor associat de la Universitat de Barcelona (UB), responsable de l \u00abassignatura troncal \u201cDelictes i Penes\u201d, des del 2017 fins a l\u00bb actualitat.<\/li>\n<li>Professor associat de la Universitat Internacional de Catalunya (UIC), responsable de l&#8217;assignatura troncal \u201cDret Processal Penal II\u201d, des del 2016 fins al 2020.<\/li>\n<li>Professor responsable de l&#8217;assignatura de Dret Processal Penal de la Llicenciatura de Dret impartida per la Universitat Ramon Llull (ESADE), del 2010 al 2015.<\/li>\n<li>Professor col\u00b7laborador de l&#8217;assignatura de Dret Penal a la Llicenciatura de Dret impartida per la Universitat Ramon Llull (ESADE), des del 2010 fins al 2015.<\/li>\n<li>Professor de Dret Penal i Dret Processal Penal a l&#8217;Escola de Pr\u00e0ctica Jur\u00eddica de l&#8217;Il\u00b7lustre Col\u00b7legi d&#8217;Advocats de Barcelona, \u200b\u200bintermitentment, des de l&#8217;any 2002 fins a l&#8217;actualitat.<\/li>\n<li>Professor de M\u00e0ster en Dret Penal i Ci\u00e8ncies Penals impartit per la Universitat de Barcelona i la Universitat Pompeu Fabra, des de l \u201cany 2023 fins a l\u201d actualitat.<\/li>\n<\/ul>\n<\/div>\n\t\t\t\t<\/div>\n\t\t\t\t\t\t\t<div class=\"elementor-accordion-item\">\n\t\t\t\t\t<div id=\"elementor-tab-title-2374\" class=\"elementor-tab-title\" data-tab=\"4\" role=\"button\" aria-controls=\"elementor-tab-content-2374\" aria-expanded=\"false\">\n\t\t\t\t\t\t\t\t\t\t\t\t\t<span class=\"elementor-accordion-icon elementor-accordion-icon-left\" aria-hidden=\"true\">\n\t\t\t\t\t\t\t\t\t\t\t\t\t\t\t<span class=\"elementor-accordion-icon-closed\"><i class=\"fas fa-plus\"><\/i><\/span>\n\t\t\t\t\t\t\t\t<span class=\"elementor-accordion-icon-opened\"><i class=\"fas fa-minus\"><\/i><\/span>\n\t\t\t\t\t\t\t\t\t\t\t\t\t\t<\/span>\n\t\t\t\t\t\t\t\t\t\t\t\t<a class=\"elementor-accordion-title\" tabindex=\"0\">C\u00e0rrecs electes<\/a>\n\t\t\t\t\t<\/div>\n\t\t\t\t\t<div id=\"elementor-tab-content-2374\" class=\"elementor-tab-content elementor-clearfix\" data-tab=\"4\" role=\"region\" aria-labelledby=\"elementor-tab-title-2374\"><ul>\n<li>Membre triat entre el col\u00b7lectiu d \u201cestudiants per formar part del Claustre de la Universitat Pompeu Fabra (UPF) en representaci\u00f3 del col\u00b7lectiu d\u201d estudiants (1994-1996).<\/li>\n<li>Membre electe entre el col\u00b7lectiu del Claustre de la Facultada per formar part de la Comissi\u00f3 de redacci\u00f3 del Reglament de la Facultat de Dret de la Universitat Pompeu Fabra (1995-1996).<\/li>\n<li>Membre electro entre el col\u00b7lectiu d&#8217;estudiants de doctorat per formar part del Claustre de la Universitat de Barcelona (UB), 2003-2005.<\/li>\n<li>Vocal de la Secci\u00f3 de Dret penal de l \u201cIl\u00b7lustre Col\u00b7legi de l\u201d Advocacia de Barcelona (2012-2014).<\/li>\n<li>Vicepresident de la Secci\u00f3 de Dret Penal de l \u201cIl\u00b7lustre Col\u00b7legi de l\u201d Advocacia de Barcelona (2015-2016).<\/li>\n<li>Vocal de la Secci\u00f3 de Dret Processal.<\/li>\n<\/ul>\n<\/div>\n\t\t\t\t<\/div>\n\t\t\t\t\t\t\t<div class=\"elementor-accordion-item\">\n\t\t\t\t\t<div id=\"elementor-tab-title-2375\" class=\"elementor-tab-title\" data-tab=\"5\" role=\"button\" aria-controls=\"elementor-tab-content-2375\" aria-expanded=\"false\">\n\t\t\t\t\t\t\t\t\t\t\t\t\t<span class=\"elementor-accordion-icon elementor-accordion-icon-left\" aria-hidden=\"true\">\n\t\t\t\t\t\t\t\t\t\t\t\t\t\t\t<span class=\"elementor-accordion-icon-closed\"><i class=\"fas fa-plus\"><\/i><\/span>\n\t\t\t\t\t\t\t\t<span class=\"elementor-accordion-icon-opened\"><i class=\"fas fa-minus\"><\/i><\/span>\n\t\t\t\t\t\t\t\t\t\t\t\t\t\t<\/span>\n\t\t\t\t\t\t\t\t\t\t\t\t<a class=\"elementor-accordion-title\" tabindex=\"0\">Extracte de pon\u00e8ncies impartides per invitaci\u00f3 del Consell General del Poder Judicial<\/a>\n\t\t\t\t\t<\/div>\n\t\t\t\t\t<div id=\"elementor-tab-content-2375\" class=\"elementor-tab-content elementor-clearfix\" data-tab=\"5\" role=\"region\" aria-labelledby=\"elementor-tab-title-2375\"><ul>\n<li>\u201cProtecci\u00f3 de dades en l&#8217;\u00e0mbit de l&#8217;empresa\u201d, Centre d&#8217;Estudis Jur\u00eddics \u2013Ministeri de Just\u00edcia, en el context del curs \u201cDret penal i protecci\u00f3 de dades\u201d (Coord. Il\u00b7lm. Sr. Roberto Valverde Meg\u00edas, Fiscal Delegat de criminalitat inform\u00e0tica de la Fiscalia del Tribunal Superior de Just\u00edcia de Catalunya), Madrid, 21 de febrer.<\/li>\n<li>&#8220;An\u00e0lisi del fenomen social i jur\u00eddic sorgit al fil de la sent\u00e8ncia 38\/2018, Audi\u00e8ncia Provincial de Navarra de data 20 de mar\u00e7 de 2018. Quan la pena no val la pena&#8221;, en el context del curs Jutjar amb perspectiva de g\u00e8nere, Sal\u00f3 d&#8217;Actes del Consell General del Poder Judicial. Directora del Curs Il\u00b7lma. Sra. Mar\u00eda Auxiliadora D\u00edaz V\u00e1zquez, Madrid, 17 de setembre del 2018.  <\/li>\n<li>\u201cEls delictes contra la llibertat sexual\u201d en el context del curs \u201cAvan\u00e7ant cap a un nou concepte de viol\u00e8ncia de g\u00e8nere\u201d, Servei de Formaci\u00f3 Cont\u00ednua del Consell General del Poder Judicial. Coordinadora Il\u00b7lma. Sra. Maria Auxiliadora D\u00edaz V\u00e1zquez. Madrid, 11 i 12 de setembre del 2019.   <\/li>\n<li>Especialitats processals en l&#8217;enjudiciament per Jurat, Escola Judicial de Barcelona, \u200b\u200bServei de Formaci\u00f3 del Consell General del Poder Judicial. Coordinadora Il\u00b7lma. Sra. Clara Carulla Terricabras. Barcelona 28 d&#8217;octubre i 23 de novembre del 2021; 29 de mar\u00e7 i 7 d&#8217;abril del 2022.   <\/li>\n<li>\u201cEl procediment davant la Fiscalia Europea. Dret de defensa\u201d, Servei de Formaci\u00f3 del Consell General del Poder Judicial. Coordinadora Il\u00b7lma. Sra. Eva Platero Egea. Madrid, mar\u00e7 del 2023.   <\/li>\n<\/ul>\n<\/div>\n\t\t\t\t<\/div>\n\t\t\t\t\t\t\t<div class=\"elementor-accordion-item\">\n\t\t\t\t\t<div id=\"elementor-tab-title-2376\" class=\"elementor-tab-title\" data-tab=\"6\" role=\"button\" aria-controls=\"elementor-tab-content-2376\" aria-expanded=\"false\">\n\t\t\t\t\t\t\t\t\t\t\t\t\t<span class=\"elementor-accordion-icon elementor-accordion-icon-left\" aria-hidden=\"true\">\n\t\t\t\t\t\t\t\t\t\t\t\t\t\t\t<span class=\"elementor-accordion-icon-closed\"><i class=\"fas fa-plus\"><\/i><\/span>\n\t\t\t\t\t\t\t\t<span class=\"elementor-accordion-icon-opened\"><i class=\"fas fa-minus\"><\/i><\/span>\n\t\t\t\t\t\t\t\t\t\t\t\t\t\t<\/span>\n\t\t\t\t\t\t\t\t\t\t\t\t<a class=\"elementor-accordion-title\" tabindex=\"0\">Extracte de pon\u00e8ncies impartides per invitaci\u00f3 del Consell General de l'Advocacia Espanyola<\/a>\n\t\t\t\t\t<\/div>\n\t\t\t\t\t<div id=\"elementor-tab-content-2376\" class=\"elementor-tab-content elementor-clearfix\" data-tab=\"6\" role=\"region\" aria-labelledby=\"elementor-tab-title-2376\"><ul>\n<li>&#8220;Noves formes de viol\u00e8ncia sobre la dona. Nous tipus penals i reformes legislatives&#8221;, en el context del curs &#8220;Activitats de coordinaci\u00f3 professional entre l&#8217;advocacia, la judicatura i la Fiscalia per incloure la perspectiva de g\u00e8nere&#8221;. Il\u00b7lustre Col\u00b7legi d&#8217;Advocats d&#8217;Oviedo, 11 de desembre del 2018. <\/li>\n<li>An\u00e0lisi de la jurisprud\u00e8ncia recent en mat\u00e8ria de viol\u00e8ncia de g\u00e8nere, Il\u00b7lustre Col\u00b7legi d \u201cAdvocats de Las Palmas, 4 d\u201d octubre de 2019.<\/li>\n<li>\u201cL&#8217;agreujant de g\u00e8nere prevista al Codi penal\u201d. Jornada especialitzaci\u00f3 jur\u00eddica contra la viol\u00e8ncia de g\u00e8nere. Il\u00b7lustre Col\u00b7legi d&#8217;Advocats de Pamplona, \u200b\u200b24 d&#8217;octubre del 2019.  <\/li>\n<li>&#8220;Evoluci\u00f3 dels delictes contra la integritat i la llibertat sexual&#8221;, Il\u00b7lustre Col\u00b7legi d&#8217;Advocats de Saragossa, novembre de 2019.<\/li>\n<\/ul>\n<\/div>\n\t\t\t\t<\/div>\n\t\t\t\t\t\t\t<div class=\"elementor-accordion-item\">\n\t\t\t\t\t<div id=\"elementor-tab-title-2377\" class=\"elementor-tab-title\" data-tab=\"7\" role=\"button\" aria-controls=\"elementor-tab-content-2377\" aria-expanded=\"false\">\n\t\t\t\t\t\t\t\t\t\t\t\t\t<span class=\"elementor-accordion-icon elementor-accordion-icon-left\" aria-hidden=\"true\">\n\t\t\t\t\t\t\t\t\t\t\t\t\t\t\t<span class=\"elementor-accordion-icon-closed\"><i class=\"fas fa-plus\"><\/i><\/span>\n\t\t\t\t\t\t\t\t<span class=\"elementor-accordion-icon-opened\"><i class=\"fas fa-minus\"><\/i><\/span>\n\t\t\t\t\t\t\t\t\t\t\t\t\t\t<\/span>\n\t\t\t\t\t\t\t\t\t\t\t\t<a class=\"elementor-accordion-title\" tabindex=\"0\">Extracte de la resta de pon\u00e8ncies impartides en f\u00f2rums acad\u00e8mics o divulgatius<\/a>\n\t\t\t\t\t<\/div>\n\t\t\t\t\t<div id=\"elementor-tab-content-2377\" class=\"elementor-tab-content elementor-clearfix\" data-tab=\"7\" role=\"region\" aria-labelledby=\"elementor-tab-title-2377\"><ul>\n<li>Dilacions indegudes en el proc\u00e9s penal, Il\u00b7lustre Col\u00b7legi d&#8217;Advocats de Barcelona, \u200b\u200b22 de gener de 2003.<\/li>\n<li>&#8220;La tutela Jur\u00eddica del Soroll&#8221;, Il\u00b7lustre Col\u00b7legi d&#8217;Advocats de Barcelona, \u200b\u200b15 de desembre de 2003.<\/li>\n<li>Investigaci\u00f3 Privada i proc\u00e9s penal, Escola Oficial d&#8217;Investigadors Privats de Barcelona, \u200b\u200bsetembre de 2004.<\/li>\n<li>\u201cEl dret penal i els delictes de risc\u201d, Despatx Roca Junyent, Barcelona, \u200b\u200bmar\u00e7 del 2005.<\/li>\n<li>&#8220;El sistema de recursos en el proc\u00e9s abreujat&#8221;, Il\u00b7lustre Col\u00b7legi d&#8217;Advocats de Barcelona. (2005, 2006, 2007, 2008, 2012).<\/li>\n<li>&#8220;Els delictes urban\u00edstics al codi penal espanyol&#8221;, Il\u00b7lustre Col\u00b7legi d&#8217;Advocats de Barcelona, \u200b\u200bmar\u00e7 de 2006.<\/li>\n<li>\u201cCriminalitat urbana. Problemes i perspectives\u201d, XV Congr\u00e9s Mundial de la Societat Internacional de Criminologia, Barcelona, \u200b\u200b20 a 25 de juliol de 2008.<\/li>\n<li>\u201cLa protecci\u00f3 penal del patrimoni cultural\u201d, Jornades sobre Administraci\u00f3 i Direcci\u00f3 de Museus, Figueres i Cadaqu\u00e9s, 20 i 21 doctubre de 2008.<\/li>\n<li>Els delictes contra la intimitat en l&#8217;actual regulaci\u00f3 del Codi Penal, Institut de Foment Empresarial, Madrid, 2009.<\/li>\n<li>\u201cLa fase interm\u00e8dia del procediment abreujat\u201d, Il\u00b7lustre Col\u00b7legi d \u201cAdvocats de Barcelona, \u200b\u200b29 d\u201d abril del 2009.<\/li>\n<li>\u201cLa responsabilitat penal de les persones jur\u00eddiques i dels seus directius\u201d, Institut de Foment Empresarial, Madrid, 4 de mar\u00e7 del 2009.<\/li>\n<li>&#8220;Aspectes processals de la reforma del Codi Penal operada per la LO 5\/2010&#8221;, Institut de Foment Empresarial, Madrid, 7 d&#8217;octubre de 2010.<\/li>\n<li>Responsabilitat dels assessors fiscals i altres part\u00edcips en el delicte de defraudaci\u00f3 tribut\u00e0ria, Institut de Foment Empresarial, Madrid, 16 de febrer de 2010.<\/li>\n<li>\u201cEl blanqueig de capitals al nou Codi Penal\u201d, ESADE Alumni, Universitat Ramon Llull, Barcelona, \u200b\u200b2015.<\/li>\n<li>\u201cL&#8217;estatut processal de la persona jur\u00eddica acusada al proc\u00e9s penal\u201d, Cambra de Comer\u00e7 de Barcelona, \u200b\u200b18 de mar\u00e7 de 2015.<\/li>\n<li>\u00abAn\u00e0lisi cr\u00edtica de les reformes operades a la Llei d \u201cEnjudiciament Criminal\u201d, Il\u00b7lustre Col\u00b7legi d\u00bb Advocats de Barcelona, \u200b\u200bmaig de 2015.<\/li>\n<li>\u201cAn\u00e0lisi dels primers pronunciaments jurisprudencials amb relaci\u00f3 a la responsabilitat penal de la persona jur\u00eddica\u201d, ESADE, Universitat Ramon Llull, Madrid, 2015.<\/li>\n<li>&#8220;Imputaci\u00f3 de responsabilitat penal al si d&#8217;estructures organitzades&#8221;, ESADE Alumni, Universitat Ramon Llull, Barcelona, \u200b\u200b2016.<\/li>\n<li>\u201cEls delictes borsaris\u201d, Universitat Abat Oliba \u2013 CEU, Barcelona, \u200b\u200bmaig del 2017.<\/li>\n<li>\u201cOperativitat dels errors de tipus i de prohibici\u00f3 al Dret penal econ\u00f2mic\u201d, Il\u00b7lustre Col\u00b7legi d&#8217;Advocats de Barcelona, \u200b\u200bjuny de 2017.<\/li>\n<li>&#8220;La perspectiva de g\u00e8nere a la jurisprud\u00e8ncia del Tribunal Suprem&#8221;, Il\u00b7lustre Col\u00b7legi de l&#8217;Advocacia de Barcelona, \u200b\u200b13 de juliol de 2018.<\/li>\n<li>&#8220;L&#8217;\u00fas de la for\u00e7a per part de les Forces i Cossos de Seguretat de l&#8217;Estat&#8221;, Sindicat Unificat FEPOL, Badalona, \u200b\u200b19 d&#8217;octubre del 2018.<\/li>\n<li>\u201cEl dret penal internacional\u201d, Institut Superior de Dret i Empresa, Barcelona, \u200b\u200bgener de 2019.<\/li>\n<li>\u201cSocietas delinquere potest al sistema penal espanyol\u201d, Universitat Abat Oliba \u2013 CEU, febrer de 2019.<\/li>\n<li>\u201cLa valoraci\u00f3 de la prova digital\u201d, Il\u00b7lustre Col\u00b7legi d \u201cAdvocats d\u201d Oviedo, 28 de mar\u00e7 de 2019.<\/li>\n<li>&#8220;El futur de l&#8217;advocacia a debat&#8221;, Legal Forum, Madrid, octubre de 2019.<\/li>\n<li>\u201cLa Sent\u00e8ncia del Tribunal Suprem de l&#8217;1-O: una an\u00e0lisi jur\u00eddica\u201d, Universitat de Barcelona, \u200b\u200b13 de novembre del 2019.<\/li>\n<li>Consideracions processals entorn de l \u201cexacci\u00f3 de responsabilitat penal de l\u201d empresa, Universitat Abat Oliba \u2013 CEU, febrer de 2020.<\/li>\n<\/ul>\n<\/div>\n\t\t\t\t<\/div>\n\t\t\t\t\t\t\t<div class=\"elementor-accordion-item\">\n\t\t\t\t\t<div id=\"elementor-tab-title-2378\" class=\"elementor-tab-title\" data-tab=\"8\" role=\"button\" aria-controls=\"elementor-tab-content-2378\" aria-expanded=\"false\">\n\t\t\t\t\t\t\t\t\t\t\t\t\t<span class=\"elementor-accordion-icon elementor-accordion-icon-left\" aria-hidden=\"true\">\n\t\t\t\t\t\t\t\t\t\t\t\t\t\t\t<span class=\"elementor-accordion-icon-closed\"><i class=\"fas fa-plus\"><\/i><\/span>\n\t\t\t\t\t\t\t\t<span class=\"elementor-accordion-icon-opened\"><i class=\"fas fa-minus\"><\/i><\/span>\n\t\t\t\t\t\t\t\t\t\t\t\t\t\t<\/span>\n\t\t\t\t\t\t\t\t\t\t\t\t<a class=\"elementor-accordion-title\" tabindex=\"0\">Premis<\/a>\n\t\t\t\t\t<\/div>\n\t\t\t\t\t<div id=\"elementor-tab-content-2378\" class=\"elementor-tab-content elementor-clearfix\" data-tab=\"8\" role=\"region\" aria-labelledby=\"elementor-tab-title-2378\"><ul>\n<li>Primer Premi Categoria Llicenciats del V Congr\u00e9s d\u00b4Estudiants de Dret Penal de la Universitat Pompeu Fabra. T\u00edtol del treball: L\u00b4efecte pertorbador de les autoritzacions administratives en Dret Penal del medi ambient.  <\/li>\n<li>Primer Premi Categoria Llicenciats del VI Congr\u00e9s d\u00b4Estudiants de Dret Penal de la Universitat Pompeu Fabra. T\u00edtol del treball: An\u00e0lisi de les mesures access\u00f2ries previstes a l&#8217;article 129 del Codi Penal. Reflexions a la llum del principi de personalitat de les penes.  <\/li>\n<li>Primer Premi Ex Aequo Categoria Llicenciats de l&#8217;IX Congr\u00e9s d&#8217;Estudiants de Dret Penal de la Universitat de Barcelona i de la Universitat Pompeu Fabra. T\u00edtol del treball: Breus reflexions sobre el principi d&#8217;economia processal a la jurisdicci\u00f3 penal. <\/li>\n<li>Primer Premi al XIX Concurs d&#8217;Articles Doctrinals La Llei. T\u00edtol del treball: Dilacions indegudes i culpabilitat penal. El premi va ser lliurat pel Ministre de Just\u00edcia, Excm. Sr. Juan Fernando L\u00f3pez Aguilar.    <\/li>\n<li>Tercer Premi al I Concurs d&#8217;Articles Doctrinals Economist &amp; Jurist. T\u00edtol del treball: Leconomia processal i els formalismes del proc\u00e9s. <\/li>\n<li>Primer Premi, ex aequo, al Primer Memorial Llu\u00eds del Castell sobre Just\u00edcia Penal Internacional i Drets Humans, amb el projecte de recerca titulat \u201cLa nul\u00b7litat de la prova penal a la Jurisprud\u00e8ncia del Tribunal Europeu de Drets Humans. Reflexions a la llum de la sent\u00e8ncia del cas Gafgen vs. Alemanya. Abast i efic\u00e0cia de la\u201d exclusi\u00f3 Drets Humans\u201d.<\/li>\n<\/ul>\n<\/div>\n\t\t\t\t<\/div>\n\t\t\t\t\t\t\t<div class=\"elementor-accordion-item\">\n\t\t\t\t\t<div id=\"elementor-tab-title-2379\" class=\"elementor-tab-title\" data-tab=\"9\" role=\"button\" aria-controls=\"elementor-tab-content-2379\" aria-expanded=\"false\">\n\t\t\t\t\t\t\t\t\t\t\t\t\t<span class=\"elementor-accordion-icon elementor-accordion-icon-left\" aria-hidden=\"true\">\n\t\t\t\t\t\t\t\t\t\t\t\t\t\t\t<span class=\"elementor-accordion-icon-closed\"><i class=\"fas fa-plus\"><\/i><\/span>\n\t\t\t\t\t\t\t\t<span class=\"elementor-accordion-icon-opened\"><i class=\"fas fa-minus\"><\/i><\/span>\n\t\t\t\t\t\t\t\t\t\t\t\t\t\t<\/span>\n\t\t\t\t\t\t\t\t\t\t\t\t<a class=\"elementor-accordion-title\" tabindex=\"0\">Publicacions a revistes<\/a>\n\t\t\t\t\t<\/div>\n\t\t\t\t\t<div id=\"elementor-tab-content-2379\" class=\"elementor-tab-content elementor-clearfix\" data-tab=\"9\" role=\"region\" aria-labelledby=\"elementor-tab-title-2379\"><ul>\n<li>\u00abAn\u00e0lisi de les mesures access\u00f2ries previstes a l \u201carticle 129 del Codi Penal. Reflexions a la llum del principi de personalitat de les penes\u201d, Revista de Ci\u00e8ncies Penals de l\u00bb Associaci\u00f3 de Ci\u00e8ncies Penals, volum 2n, n\u00famero 1 primer semestre de 1999.<\/li>\n<li>\u00abAspectes a millorar de cara a una nova Llei d \u201cEnjudiciament Criminal\u201d. Revista M\u00f3n Jur\u00eddic, Il\u00b7lustre Col\u00b7legi de l\u00bb Advocacia de Barcelona, \u200b\u200bfebrer de 2002. <\/li>\n<li>\u201cUndue delay in the administration of Criminal Justice. A comparative study\u201d. Scots Law Journal, Edinburgh, issue 3, October 2001, pp. 787 i seg.  <\/li>\n<li>\u00abComentaris a l \u201cavantprojecte de la reforma de pres\u00f3 provisional\u201d, Revista M\u00f3n Jur\u00eddic, Il\u00b7lustre Col\u00b7legi de l\u00bb Advocacia de Barcelona, \u200b\u200bfebrer de 2002.<\/li>\n<li>&#8220;Modificacions del sistema d&#8217;enjudiciament criminal&#8221;, Revista M\u00f3n Jur\u00eddic, n\u00famero 175, desembre-gener de 2003.<\/li>\n<li>\u201cComentari de la Sent\u00e8ncia del Tribunal Suprem de data 2 de gener de 2003\u201d, Revista M\u00f3n Jur\u00eddic, n\u00famero 183, octubre de 2003.<\/li>\n<li>&#8220;Comentari de la Sent\u00e8ncia del Tribunal Suprem de data 24 d&#8217;octubre de 2003&#8221;, Revista M\u00f3n Jur\u00eddic, n\u00famero 184, novembre de 2003.<\/li>\n<li>\u201cComentari de la Sent\u00e8ncia del Tribunal Suprem de data 19 de juny de 2002\u201d, Revista M\u00f3n Jur\u00eddic, n\u00famero 185, desembre-gener de 2003.<\/li>\n<li>\u201cComentari de la Sent\u00e8ncia de la Secci\u00f3 Segona de l&#8217;Audi\u00e8ncia Provincial de Barcelona de data 2 de setembre de 2003\u201d, Revista M\u00f3n Jur\u00eddic, n\u00famero 186, febrer de 2004.<\/li>\n<li>\u201cComentari de la Sent\u00e8ncia del Jutjat Penal n\u00famero 3 de Barcelona de data 12 de gener de 2004\u201d, Revista M\u00f3n Jur\u00eddic, n\u00famero 187, mar\u00e7 de 2004.<\/li>\n<li>Dilacions Indegudes i culpabilitat penal, Diari La Llei, Any XXVI, n\u00famero 6236, dijous 21 d&#8217;abril de 2005.<\/li>\n<li>\u201cLa tutela jur\u00eddica davant del soroll\u201d, Revista Dret &amp; Societat, maig-juny, n\u00famero 28.<\/li>\n<li>\u201cUna aproximaci\u00f3 a la normativa penitenci\u00e0ria\u201d, Revista Dret &amp; Societat, maig-juny de 2005, n\u00famero 28.<\/li>\n<li>Consideracions sobre el delicte d&#8217;apropiaci\u00f3 indeguda, Revista Economist &amp; Jurist, any XV, novembre de 2006.<\/li>\n<li>Exordi per a una nova Llei d \u201cEnjudiciament Criminal, mem\u00f2ria Il\u00b7lustre Col\u00b7legi d\u201d Advocats de Barcelona, \u200b\u200bany 2012.<\/li>\n<li>\u201cEl nou r\u00e8gim de prescripci\u00f3 dels delictes del Codi Penal\u201d, Revista Economist &amp; Jurist, any XX, novembre del 2011.<\/li>\n<li>\u201cAn\u00e0lisi jur\u00eddica de la Sent\u00e8ncia del Tribunal Suprem del tema 1-O\u201d, Revista Pol\u00edtica i Prosa, any II, gener de 2019.<\/li>\n<li>Guia per a la identificaci\u00f3 i prevenci\u00f3 de riscos penals de l&#8217;AMB i les seves entitats associades i dependents, Revista de Transpar\u00e8ncia Metropolitana LUX Barcelona, \u200b\u200bBarcelona, \u200b\u200bgener de 2019. <\/li>\n<\/ul>\n<\/div>\n\t\t\t\t<\/div>\n\t\t\t\t\t\t\t<div class=\"elementor-accordion-item\">\n\t\t\t\t\t<div id=\"elementor-tab-title-23710\" class=\"elementor-tab-title\" data-tab=\"10\" role=\"button\" aria-controls=\"elementor-tab-content-23710\" aria-expanded=\"false\">\n\t\t\t\t\t\t\t\t\t\t\t\t\t<span class=\"elementor-accordion-icon elementor-accordion-icon-left\" aria-hidden=\"true\">\n\t\t\t\t\t\t\t\t\t\t\t\t\t\t\t<span class=\"elementor-accordion-icon-closed\"><i class=\"fas fa-plus\"><\/i><\/span>\n\t\t\t\t\t\t\t\t<span class=\"elementor-accordion-icon-opened\"><i class=\"fas fa-minus\"><\/i><\/span>\n\t\t\t\t\t\t\t\t\t\t\t\t\t\t<\/span>\n\t\t\t\t\t\t\t\t\t\t\t\t<a class=\"elementor-accordion-title\" tabindex=\"0\">Publicacions en llibres<\/a>\n\t\t\t\t\t<\/div>\n\t\t\t\t\t<div id=\"elementor-tab-content-23710\" class=\"elementor-tab-content elementor-clearfix\" data-tab=\"10\" role=\"region\" aria-labelledby=\"elementor-tab-title-23710\"><ul>\n<li>\u201cDret penal dels museus\u201d a l&#8217;obra col\u00b7lectiva, Dret dels Museus, Barcelona, \u200b\u200b2011.<\/li>\n<li>&#8220;Pol\u00edtica legislativa internacional en mat\u00e8ria de tr\u00e0nsit de persones&#8221;, a l&#8217;obra col\u00b7lectiva &#8220;Globalitzaci\u00f3 i Dret: Desafiaments i Tend\u00e8ncies&#8221;. Universitat de DEUSTO, any 2012. <\/li>\n<li>\u00abProtecci\u00f3 de dades a l \u201c\u00e0mbit de l\u201d empresa\u00bb, CENDOJ, Madrid 2019.<\/li>\n<li>\u201cEl proc\u00e9s per acceptaci\u00f3 de decret\u201d a l&#8217;obra col\u00b7lectiva, El nou Proc\u00e9s Penal despr\u00e9s de la reforma del 2015 (coord. Jaume Alonso-Cuevillas). Editorial ATELIER, Barcelona, \u200b\u200b2018. <\/li>\n<li>&#8220;An\u00e0lisi cr\u00edtica del sistema de designaci\u00f3 del representant processal de la persona jur\u00eddica en el proc\u00e9s penal: ombres i penombres derivades del seu estatut processal&#8221; a l&#8217;obra col\u00b7lectiva, Compliance i actuaci\u00f3 processal de les persones jur\u00eddiques. (Coord. Javier Puyol Montero). Editorial SEPIN, Madrid, 2019.  <\/li>\n<li>&#8220;La gesti\u00f3 d&#8217;una boutique legal durant la crisi de la COVID-19&#8221;, a l&#8217;obra col\u00b7lectiva &#8220;Generaci\u00f3 R. Com gestionar amb \u00e8xits els despatxos d&#8217;advocats a la nova era&#8221;, Ed. La Llei, Madrid, 2020.   <\/li>\n<\/ul>\n<\/div>\n\t\t\t\t<\/div>\n\t\t\t\t\t\t\t<div class=\"elementor-accordion-item\">\n\t\t\t\t\t<div id=\"elementor-tab-title-23711\" class=\"elementor-tab-title\" data-tab=\"11\" role=\"button\" aria-controls=\"elementor-tab-content-23711\" aria-expanded=\"false\">\n\t\t\t\t\t\t\t\t\t\t\t\t\t<span class=\"elementor-accordion-icon elementor-accordion-icon-left\" aria-hidden=\"true\">\n\t\t\t\t\t\t\t\t\t\t\t\t\t\t\t<span class=\"elementor-accordion-icon-closed\"><i class=\"fas fa-plus\"><\/i><\/span>\n\t\t\t\t\t\t\t\t<span class=\"elementor-accordion-icon-opened\"><i class=\"fas fa-minus\"><\/i><\/span>\n\t\t\t\t\t\t\t\t\t\t\t\t\t\t<\/span>\n\t\t\t\t\t\t\t\t\t\t\t\t<a class=\"elementor-accordion-title\" tabindex=\"0\">Associacions<\/a>\n\t\t\t\t\t<\/div>\n\t\t\t\t\t<div id=\"elementor-tab-content-23711\" class=\"elementor-tab-content elementor-clearfix\" data-tab=\"11\" role=\"region\" aria-labelledby=\"elementor-tab-title-23711\"><ul>\n<li>Membre de l&#8217;Il\u00b7lustre Col\u00b7legi de l&#8217;Advocacia de Barcelona des del mes de maig de 1997. N\u00famero de col\u00b7legiat 23.841. <\/li>\n<li>Membre de l&#8217;European Lawyers Association, (representant nacional per Espanya durant els anys 2002 a 2004).<\/li>\n<li>Membre de l&#8217;associaci\u00f3 INKIETOS &#8211; propensos a l&#8217;ambi, una associaci\u00f3 sense \u00e0nim de lucre creada com un espai de reflexi\u00f3, debat i networking sobre gesti\u00f3 i organitzaci\u00f3 al sector dels serveis jur\u00eddics.<\/li>\n<\/ul>\n<\/div>\n\t\t\t\t<\/div>\n\t\t\t\t\t\t\t<div class=\"elementor-accordion-item\">\n\t\t\t\t\t<div id=\"elementor-tab-title-23712\" class=\"elementor-tab-title\" data-tab=\"12\" role=\"button\" aria-controls=\"elementor-tab-content-23712\" aria-expanded=\"false\">\n\t\t\t\t\t\t\t\t\t\t\t\t\t<span class=\"elementor-accordion-icon elementor-accordion-icon-left\" aria-hidden=\"true\">\n\t\t\t\t\t\t\t\t\t\t\t\t\t\t\t<span class=\"elementor-accordion-icon-closed\"><i class=\"fas fa-plus\"><\/i><\/span>\n\t\t\t\t\t\t\t\t<span class=\"elementor-accordion-icon-opened\"><i class=\"fas fa-minus\"><\/i><\/span>\n\t\t\t\t\t\t\t\t\t\t\t\t\t\t<\/span>\n\t\t\t\t\t\t\t\t\t\t\t\t<a class=\"elementor-accordion-title\" tabindex=\"0\">Recomanacions<\/a>\n\t\t\t\t\t<\/div>\n\t\t\t\t\t<div id=\"elementor-tab-content-23712\" class=\"elementor-tab-content elementor-clearfix\" data-tab=\"12\" role=\"region\" aria-labelledby=\"elementor-tab-title-23712\"><ul>\n<li>Advocat seleccionat al directori CHAMBERS al segment \u201cDret penal econ\u00f2mic\u201d, any 2019.<\/li>\n<li>Advocat seleccionat al directori BEST LAWYERS, any 2020 en els \u00e0mbits de \u201cDret penal\u201d i de \u201cCompliance\u201d.<\/li>\n<li>Advocat seleccionat pel directori BEST LAWYERS, any 2021, com \u201c<em>Lawyer of the year<\/em>\u201d (per elecci\u00f3 del col\u00b7lectiu d&#8217;advocats de Barcelona), a l&#8217;\u00e0mbit del Dret penal.<\/li>\n<\/ul>\n<\/div>\n\t\t\t\t<\/div>\n\t\t\t\t\t\t\t<div class=\"elementor-accordion-item\">\n\t\t\t\t\t<div id=\"elementor-tab-title-23713\" class=\"elementor-tab-title\" data-tab=\"13\" role=\"button\" aria-controls=\"elementor-tab-content-23713\" aria-expanded=\"false\">\n\t\t\t\t\t\t\t\t\t\t\t\t\t<span class=\"elementor-accordion-icon elementor-accordion-icon-left\" aria-hidden=\"true\">\n\t\t\t\t\t\t\t\t\t\t\t\t\t\t\t<span class=\"elementor-accordion-icon-closed\"><i class=\"fas fa-plus\"><\/i><\/span>\n\t\t\t\t\t\t\t\t<span class=\"elementor-accordion-icon-opened\"><i class=\"fas fa-minus\"><\/i><\/span>\n\t\t\t\t\t\t\t\t\t\t\t\t\t\t<\/span>\n\t\t\t\t\t\t\t\t\t\t\t\t<a class=\"elementor-accordion-title\" tabindex=\"0\">Lleng\u00fces<\/a>\n\t\t\t\t\t<\/div>\n\t\t\t\t\t<div id=\"elementor-tab-content-23713\" class=\"elementor-tab-content elementor-clearfix\" data-tab=\"13\" role=\"region\" aria-labelledby=\"elementor-tab-title-23713\"><ul>\n<li>Espanyol, Catal\u00e0 i Angl\u00e8s.<\/li>\n<\/ul>\n<\/div>\n\t\t\t\t<\/div>\n\t\t\t\t\t\t\t\t<\/div>\n\t\t\t\t\t\t<\/div>\n\t\t\t\t<\/div>\n\t\t\t\t<\/div>\n\t\t<div class=\"elementor-element elementor-element-b2e2c8e e-con-full e-flex e-con e-child\" data-id=\"b2e2c8e\" data-element_type=\"container\" data-e-type=\"container\">\n\t\t\t\t<div class=\"elementor-element elementor-element-ba0d685 elementor-widget elementor-widget-image\" data-id=\"ba0d685\" data-element_type=\"widget\" data-e-type=\"widget\" data-widget_type=\"image.default\">\n\t\t\t\t<div class=\"elementor-widget-container\">\n\t\t\t\t\t\t\t\t\t\t\t\t\t\t\t<img loading=\"lazy\" decoding=\"async\" width=\"600\" height=\"900\" src=\"https:\/\/molinspares.com\/wp-content\/uploads\/Abogado_2_Marc-Molins-i-Raich.jpg\" class=\"attachment-large size-large wp-image-6557\" alt=\"\" srcset=\"https:\/\/molinspares.com\/wp-content\/uploads\/Abogado_2_Marc-Molins-i-Raich.jpg 600w, https:\/\/molinspares.com\/wp-content\/uploads\/Abogado_2_Marc-Molins-i-Raich-200x300.jpg 200w\" sizes=\"(max-width: 600px) 100vw, 600px\" \/>\t\t\t\t\t\t\t\t\t\t\t\t\t\t\t<\/div>\n\t\t\t\t<\/div>\n\t\t\t\t<\/div>\n\t\t\t\t\t<\/div>\n\t\t\t\t<\/div>\n\t\t\t\t<\/div>\n\t\t","protected":false},"excerpt":{"rendered":"<p>Soci<\/p>\n","protected":false},"author":1,"featured_media":6437,"parent":0,"menu_order":21,"comment_status":"closed","ping_status":"closed","template":"","meta":{"footnotes":""},"categories":[155],"tags":[],"class_list":["post-7216","page","type-page","status-publish","has-post-thumbnail","hentry","category-equip"],"yoast_head":"<!-- This site is optimized with the Yoast SEO Premium plugin v26.1 (Yoast SEO v27.2) - https:\/\/yoast.com\/product\/yoast-seo-premium-wordpress\/ -->\n<title>Marc Molins i Raich - Molins Par\u00e9s - Despacho de Abogados Penalistas en Barcelona | Excelencia y Privacidad<\/title>\n<meta name=\"robots\" content=\"index, follow, max-snippet:-1, max-image-preview:large, max-video-preview:-1\" \/>\n<link rel=\"canonical\" href=\"https:\/\/molinspares.com\/ca\/marc-molins-i-raich\/\" \/>\n<meta property=\"og:locale\" content=\"ca_ES\" \/>\n<meta property=\"og:type\" content=\"article\" \/>\n<meta property=\"og:title\" content=\"Marc Molins i Raich\" \/>\n<meta property=\"og:description\" content=\"Soci\" \/>\n<meta property=\"og:url\" content=\"https:\/\/molinspares.com\/ca\/marc-molins-i-raich\/\" \/>\n<meta property=\"og:site_name\" content=\"Molins Par\u00e9s - Despacho de Abogados Penalistas en Barcelona | Excelencia y Privacidad\" \/>\n<meta property=\"article:publisher\" content=\"https:\/\/www.facebook.com\/profile.php?id=100067944420137\" \/>\n<meta property=\"article:modified_time\" content=\"2025-10-24T08:48:30+00:00\" \/>\n<meta property=\"og:image\" content=\"https:\/\/molinspares.com\/wp-content\/uploads\/Abogado_1_Marc-Molins-i-Raich.jpg\" \/>\n\t<meta property=\"og:image:width\" content=\"400\" \/>\n\t<meta property=\"og:image:height\" content=\"600\" \/>\n\t<meta property=\"og:image:type\" content=\"image\/jpeg\" \/>\n<meta name=\"twitter:card\" content=\"summary_large_image\" \/>\n<meta name=\"twitter:label1\" content=\"Temps estimat de lectura\" \/>\n\t<meta name=\"twitter:data1\" content=\"14 minuts\" \/>\n<script type=\"application\/ld+json\" class=\"yoast-schema-graph\">{\"@context\":\"https:\/\/schema.org\",\"@graph\":[{\"@type\":\"WebPage\",\"@id\":\"https:\/\/molinspares.com\/ca\/marc-molins-i-raich\/\",\"url\":\"https:\/\/molinspares.com\/ca\/marc-molins-i-raich\/\",\"name\":\"Marc Molins i Raich - Molins Par\u00e9s - Despacho de Abogados Penalistas en Barcelona | Excelencia y Privacidad\",\"isPartOf\":{\"@id\":\"https:\/\/molinspares.com\/ca\/#website\"},\"primaryImageOfPage\":{\"@id\":\"https:\/\/molinspares.com\/ca\/marc-molins-i-raich\/#primaryimage\"},\"image\":{\"@id\":\"https:\/\/molinspares.com\/ca\/marc-molins-i-raich\/#primaryimage\"},\"thumbnailUrl\":\"https:\/\/molinspares.com\/wp-content\/uploads\/Abogado_1_Marc-Molins-i-Raich.jpg\",\"datePublished\":\"2023-10-20T10:00:33+00:00\",\"dateModified\":\"2025-10-24T08:48:30+00:00\",\"breadcrumb\":{\"@id\":\"https:\/\/molinspares.com\/ca\/marc-molins-i-raich\/#breadcrumb\"},\"inLanguage\":\"ca\",\"potentialAction\":[{\"@type\":\"ReadAction\",\"target\":[\"https:\/\/molinspares.com\/ca\/marc-molins-i-raich\/\"]}]},{\"@type\":\"ImageObject\",\"inLanguage\":\"ca\",\"@id\":\"https:\/\/molinspares.com\/ca\/marc-molins-i-raich\/#primaryimage\",\"url\":\"https:\/\/molinspares.com\/wp-content\/uploads\/Abogado_1_Marc-Molins-i-Raich.jpg\",\"contentUrl\":\"https:\/\/molinspares.com\/wp-content\/uploads\/Abogado_1_Marc-Molins-i-Raich.jpg\",\"width\":400,\"height\":600},{\"@type\":\"BreadcrumbList\",\"@id\":\"https:\/\/molinspares.com\/ca\/marc-molins-i-raich\/#breadcrumb\",\"itemListElement\":[{\"@type\":\"ListItem\",\"position\":1,\"name\":\"Portada\",\"item\":\"https:\/\/molinspares.com\/ca\/\"},{\"@type\":\"ListItem\",\"position\":2,\"name\":\"Marc Molins i Raich\"}]},{\"@type\":\"WebSite\",\"@id\":\"https:\/\/molinspares.com\/ca\/#website\",\"url\":\"https:\/\/molinspares.com\/ca\/\",\"name\":\"Molins & Par\u00e9s - Despacho de Abogados Penalistas en Barcelona\",\"description\":\"En Molins &amp; Par\u00e9s somos especialistas en derecho penal. Garantizamos la privacidad del cliente y la m\u00e1xima excelencia en cada caso. \u00a1Cont\u00e1ctanos!\",\"publisher\":{\"@id\":\"https:\/\/molinspares.com\/ca\/#organization\"},\"alternateName\":\"Molins & Par\u00e9s\",\"potentialAction\":[{\"@type\":\"SearchAction\",\"target\":{\"@type\":\"EntryPoint\",\"urlTemplate\":\"https:\/\/molinspares.com\/ca\/?s={search_term_string}\"},\"query-input\":{\"@type\":\"PropertyValueSpecification\",\"valueRequired\":true,\"valueName\":\"search_term_string\"}}],\"inLanguage\":\"ca\"},{\"@type\":\"Organization\",\"@id\":\"https:\/\/molinspares.com\/ca\/#organization\",\"name\":\"Molins & Par\u00e9s - Despacho de Abogados Penalistas en Barcelona\",\"alternateName\":\"Molins & Par\u00e9s\",\"url\":\"https:\/\/molinspares.com\/ca\/\",\"logo\":{\"@type\":\"ImageObject\",\"inLanguage\":\"ca\",\"@id\":\"https:\/\/molinspares.com\/ca\/#\/schema\/logo\/image\/\",\"url\":\"https:\/\/molinspares.com\/wp-content\/uploads\/logo_MolinsPares-2.jpg\",\"contentUrl\":\"https:\/\/molinspares.com\/wp-content\/uploads\/logo_MolinsPares-2.jpg\",\"width\":512,\"height\":512,\"caption\":\"Molins & Par\u00e9s - Despacho de Abogados Penalistas en Barcelona\"},\"image\":{\"@id\":\"https:\/\/molinspares.com\/ca\/#\/schema\/logo\/image\/\"},\"sameAs\":[\"https:\/\/www.facebook.com\/profile.php?id=100067944420137\",\"https:\/\/www.linkedin.com\/in\/molins-pars-penal-compliance-44383b65\/\"],\"publishingPrinciples\":\"https:\/\/molinspares.com\/politica-privacidad\/\",\"ownershipFundingInfo\":\"https:\/\/molinspares.com\/politica-privacidad\/\",\"actionableFeedbackPolicy\":\"https:\/\/molinspares.com\/politica-privacidad\/\",\"correctionsPolicy\":\"https:\/\/molinspares.com\/politica-privacidad\/\",\"ethicsPolicy\":\"https:\/\/molinspares.com\/politica-privacidad\/\",\"diversityPolicy\":\"https:\/\/molinspares.com\/politica-privacidad\/\",\"diversityStaffingReport\":\"https:\/\/molinspares.com\/politica-privacidad\/\"}]}<\/script>\n<!-- \/ Yoast SEO Premium plugin. -->","yoast_head_json":{"title":"Marc Molins i Raich - Molins Par\u00e9s - Despacho de Abogados Penalistas en Barcelona | Excelencia y Privacidad","robots":{"index":"index","follow":"follow","max-snippet":"max-snippet:-1","max-image-preview":"max-image-preview:large","max-video-preview":"max-video-preview:-1"},"canonical":"https:\/\/molinspares.com\/ca\/marc-molins-i-raich\/","og_locale":"ca_ES","og_type":"article","og_title":"Marc Molins i Raich","og_description":"Soci","og_url":"https:\/\/molinspares.com\/ca\/marc-molins-i-raich\/","og_site_name":"Molins Par\u00e9s - Despacho de Abogados Penalistas en Barcelona | Excelencia y Privacidad","article_publisher":"https:\/\/www.facebook.com\/profile.php?id=100067944420137","article_modified_time":"2025-10-24T08:48:30+00:00","og_image":[{"width":400,"height":600,"url":"https:\/\/molinspares.com\/wp-content\/uploads\/Abogado_1_Marc-Molins-i-Raich.jpg","type":"image\/jpeg"}],"twitter_card":"summary_large_image","twitter_misc":{"Temps estimat de lectura":"14 minuts"},"schema":{"@context":"https:\/\/schema.org","@graph":[{"@type":"WebPage","@id":"https:\/\/molinspares.com\/ca\/marc-molins-i-raich\/","url":"https:\/\/molinspares.com\/ca\/marc-molins-i-raich\/","name":"Marc Molins i Raich - Molins Par\u00e9s - Despacho de Abogados Penalistas en Barcelona | Excelencia y Privacidad","isPartOf":{"@id":"https:\/\/molinspares.com\/ca\/#website"},"primaryImageOfPage":{"@id":"https:\/\/molinspares.com\/ca\/marc-molins-i-raich\/#primaryimage"},"image":{"@id":"https:\/\/molinspares.com\/ca\/marc-molins-i-raich\/#primaryimage"},"thumbnailUrl":"https:\/\/molinspares.com\/wp-content\/uploads\/Abogado_1_Marc-Molins-i-Raich.jpg","datePublished":"2023-10-20T10:00:33+00:00","dateModified":"2025-10-24T08:48:30+00:00","breadcrumb":{"@id":"https:\/\/molinspares.com\/ca\/marc-molins-i-raich\/#breadcrumb"},"inLanguage":"ca","potentialAction":[{"@type":"ReadAction","target":["https:\/\/molinspares.com\/ca\/marc-molins-i-raich\/"]}]},{"@type":"ImageObject","inLanguage":"ca","@id":"https:\/\/molinspares.com\/ca\/marc-molins-i-raich\/#primaryimage","url":"https:\/\/molinspares.com\/wp-content\/uploads\/Abogado_1_Marc-Molins-i-Raich.jpg","contentUrl":"https:\/\/molinspares.com\/wp-content\/uploads\/Abogado_1_Marc-Molins-i-Raich.jpg","width":400,"height":600},{"@type":"BreadcrumbList","@id":"https:\/\/molinspares.com\/ca\/marc-molins-i-raich\/#breadcrumb","itemListElement":[{"@type":"ListItem","position":1,"name":"Portada","item":"https:\/\/molinspares.com\/ca\/"},{"@type":"ListItem","position":2,"name":"Marc Molins i Raich"}]},{"@type":"WebSite","@id":"https:\/\/molinspares.com\/ca\/#website","url":"https:\/\/molinspares.com\/ca\/","name":"Molins & Par\u00e9s - Despacho de Abogados Penalistas en Barcelona","description":"En Molins &amp; Par\u00e9s somos especialistas en derecho penal. Garantizamos la privacidad del cliente y la m\u00e1xima excelencia en cada caso. \u00a1Cont\u00e1ctanos!","publisher":{"@id":"https:\/\/molinspares.com\/ca\/#organization"},"alternateName":"Molins & Par\u00e9s","potentialAction":[{"@type":"SearchAction","target":{"@type":"EntryPoint","urlTemplate":"https:\/\/molinspares.com\/ca\/?s={search_term_string}"},"query-input":{"@type":"PropertyValueSpecification","valueRequired":true,"valueName":"search_term_string"}}],"inLanguage":"ca"},{"@type":"Organization","@id":"https:\/\/molinspares.com\/ca\/#organization","name":"Molins & Par\u00e9s - Despacho de Abogados Penalistas en Barcelona","alternateName":"Molins & Par\u00e9s","url":"https:\/\/molinspares.com\/ca\/","logo":{"@type":"ImageObject","inLanguage":"ca","@id":"https:\/\/molinspares.com\/ca\/#\/schema\/logo\/image\/","url":"https:\/\/molinspares.com\/wp-content\/uploads\/logo_MolinsPares-2.jpg","contentUrl":"https:\/\/molinspares.com\/wp-content\/uploads\/logo_MolinsPares-2.jpg","width":512,"height":512,"caption":"Molins & Par\u00e9s - Despacho de Abogados Penalistas en Barcelona"},"image":{"@id":"https:\/\/molinspares.com\/ca\/#\/schema\/logo\/image\/"},"sameAs":["https:\/\/www.facebook.com\/profile.php?id=100067944420137","https:\/\/www.linkedin.com\/in\/molins-pars-penal-compliance-44383b65\/"],"publishingPrinciples":"https:\/\/molinspares.com\/politica-privacidad\/","ownershipFundingInfo":"https:\/\/molinspares.com\/politica-privacidad\/","actionableFeedbackPolicy":"https:\/\/molinspares.com\/politica-privacidad\/","correctionsPolicy":"https:\/\/molinspares.com\/politica-privacidad\/","ethicsPolicy":"https:\/\/molinspares.com\/politica-privacidad\/","diversityPolicy":"https:\/\/molinspares.com\/politica-privacidad\/","diversityStaffingReport":"https:\/\/molinspares.com\/politica-privacidad\/"}]}},"_links":{"self":[{"href":"https:\/\/molinspares.com\/ca\/wp-json\/wp\/v2\/pages\/7216","targetHints":{"allow":["GET"]}}],"collection":[{"href":"https:\/\/molinspares.com\/ca\/wp-json\/wp\/v2\/pages"}],"about":[{"href":"https:\/\/molinspares.com\/ca\/wp-json\/wp\/v2\/types\/page"}],"author":[{"embeddable":true,"href":"https:\/\/molinspares.com\/ca\/wp-json\/wp\/v2\/users\/1"}],"replies":[{"embeddable":true,"href":"https:\/\/molinspares.com\/ca\/wp-json\/wp\/v2\/comments?post=7216"}],"version-history":[{"count":7,"href":"https:\/\/molinspares.com\/ca\/wp-json\/wp\/v2\/pages\/7216\/revisions"}],"predecessor-version":[{"id":8117,"href":"https:\/\/molinspares.com\/ca\/wp-json\/wp\/v2\/pages\/7216\/revisions\/8117"}],"wp:featuredmedia":[{"embeddable":true,"href":"https:\/\/molinspares.com\/ca\/wp-json\/wp\/v2\/media\/6437"}],"wp:attachment":[{"href":"https:\/\/molinspares.com\/ca\/wp-json\/wp\/v2\/media?parent=7216"}],"wp:term":[{"taxonomy":"category","embeddable":true,"href":"https:\/\/molinspares.com\/ca\/wp-json\/wp\/v2\/categories?post=7216"},{"taxonomy":"post_tag","embeddable":true,"href":"https:\/\/molinspares.com\/ca\/wp-json\/wp\/v2\/tags?post=7216"}],"curies":[{"name":"wp","href":"https:\/\/api.w.org\/{rel}","templated":true}]}}